{"id":4802,"date":"2022-04-29T12:13:47","date_gmt":"2022-04-29T10:13:47","guid":{"rendered":"https:\/\/staging.emz.de\/carriere\/"},"modified":"2025-02-11T11:12:42","modified_gmt":"2025-02-11T10:12:42","slug":"carriere","status":"publish","type":"page","link":"https:\/\/www.emz.de\/fr\/entreprise\/carriere\/","title":{"rendered":"Carri\u00e8re"},"content":{"rendered":"<section class=\"l-section wpb_row us_custom_c1e8dcb4 height_medium with_img parallax_ver\"><div class=\"l-section-img\" role=\"img\" aria-label=\"Image\" data-img-width=\"1800\" data-img-height=\"1200\" style=\"background-image: url(https:\/\/www.emz.de\/wp-content\/uploads\/2022\/08\/EMZ-Elektromotoren-Recklinghausen-1111905.jpg);background-position: bottom center;background-repeat: no-repeat;\"><\/div><div class=\"l-section-overlay\" style=\"background:linear-gradient(45deg,rgba(7,40,66,0.65),rgba(20,61,94,0.00))\"><\/div><div class=\"l-section-h i-cf\"><div class=\"g-cols vc_row via_grid cols_1 laptops-cols_inherit tablets-cols_inherit mobiles-cols_1 valign_middle type_default stacking_default\"><div class=\"wpb_column vc_column_container\"><div class=\"vc_column-inner\"><div class=\"w-separator size_huge\"><\/div>[vc_custom_heading text=\u00a0\u00bbOFFRES D&rsquo;EMPLOI ACTUELLES\u00a0\u00bb font_container=\u00a0\u00bbtag:p|text_align:left\u00a0\u00bb use_theme_fonts=\u00a0\u00bbyes\u00a0\u00bb css=\u00a0\u00bb%7B%22default%22%3A%7B%22color%22%3A%22_header_middle_bg%22%2C%22font-size%22%3A%2235px%22%2C%22font-family%22%3A%22h2%22%2C%22font-weight%22%3A%22700%22%2C%22text-transform%22%3A%22uppercase%22%7D%7D\u00a0\u00bb][vc_custom_heading source=\u00a0\u00bbpost_title\u00a0\u00bb font_container=\u00a0\u00bbtag:h1|text_align:left\u00a0\u00bb use_theme_fonts=\u00a0\u00bbyes\u00a0\u00bb css=\u00a0\u00bb%7B%22default%22%3A%7B%22color%22%3A%22_header_middle_bg%22%2C%22margin-top%22%3A%220px%22%2C%22padding-top%22%3A%220px%22%7D%7D\u00a0\u00bb]<\/div><\/div><\/div><\/div><\/section><section class=\"l-section wpb_row height_medium\"><div class=\"l-section-h i-cf\"><div class=\"g-cols vc_row via_grid cols_1 laptops-cols_inherit tablets-cols_inherit mobiles-cols_1 valign_top type_default stacking_default\"><div class=\"wpb_column vc_column_container\"><div class=\"vc_column-inner\">[vc_custom_heading text=\u00a0\u00bb\u00c0 PROPOS DE NOUS\u00a0\u00bb use_theme_fonts=\u00a0\u00bbyes\u00a0\u00bb css=\u00a0\u00bb%7B%22default%22%3A%7B%22color%22%3A%22_header_middle_text_hover%22%2C%22font-size%22%3A%2265px%22%2C%22font-family%22%3A%22h1%22%2C%22font-weight%22%3A%22200%22%7D%2C%22laptops%22%3A%7B%22color%22%3A%22_header_middle_text_hover%22%2C%22font-size%22%3A%2265px%22%2C%22font-family%22%3A%22h1%22%2C%22font-weight%22%3A%22200%22%7D%2C%22tablets%22%3A%7B%22color%22%3A%22_header_middle_text_hover%22%2C%22font-size%22%3A%2245px%22%2C%22font-family%22%3A%22h1%22%2C%22font-weight%22%3A%22200%22%7D%2C%22mobiles%22%3A%7B%22color%22%3A%22_header_middle_text_hover%22%2C%22font-size%22%3A%2245px%22%2C%22font-family%22%3A%22h1%22%2C%22font-weight%22%3A%22200%22%7D%7D\u00a0\u00bb]<div class=\"wpb_text_column us_custom_b1c9d932 has_text_color\"><div class=\"wpb_wrapper\"><p>EMZ? \u00c9videmment ! Chez nous, tout est affaire de moteurs \u00e9lectriques ! EMZ est une entreprise familiale agissant au niveau international, dirig\u00e9e par son propri\u00e9taire et sp\u00e9cialis\u00e9e dans le secteur des syst\u00e8mes d&rsquo;entra\u00eenement \u00e9lectriques. Son si\u00e8ge se trouve dans la belle ville de Recklinghausen, au c\u0153ur du bassin de la Ruhr, ce qui lui permet de b\u00e9n\u00e9ficier d&rsquo;un acc\u00e8s optimal aux transports (Autoroutes A43\/A2). Nous sommes au service de nos clients dans toute l&rsquo;Allemagne et bien au-del\u00e0 depuis plus de 70 ans. Actuellement, nous avons plus de 50 000 moteurs d&rsquo;une puissance allant jusqu&rsquo;\u00e0 6 000 kW disponibles en stock. Les variateurs \u00e9lectroniques de vitesse et autres composants de syst\u00e8mes d&rsquo;entra\u00eenement compl\u00e8tent notre gamme de produits. Avec nos clients, nos partenaires commerciaux et nos collaborateurs, nous misons sur des partenariats p\u00e9rennes, bas\u00e9s sur la confiance et le long terme. C&rsquo;est pourquoi nous investissons syst\u00e9matiquement dans la formation continue de nos collaborateurs, l&rsquo;optimisation de nos produits et de nos processus internes.<\/p>\n<\/div><\/div><div class=\"w-image us_custom_72fc42ef align_center\"><div class=\"w-image-h\"><img decoding=\"async\" width=\"1920\" height=\"481\" src=\"https:\/\/www.emz.de\/wp-content\/uploads\/2025\/02\/Teamcollage-neu_02_25-1.png\" class=\"attachment-full size-full\" alt=\"\" loading=\"lazy\" srcset=\"https:\/\/www.emz.de\/wp-content\/uploads\/2025\/02\/Teamcollage-neu_02_25-1.png 1920w, https:\/\/www.emz.de\/wp-content\/uploads\/2025\/02\/Teamcollage-neu_02_25-1-300x75.png 300w, https:\/\/www.emz.de\/wp-content\/uploads\/2025\/02\/Teamcollage-neu_02_25-1-1024x257.png 1024w\" sizes=\"auto, (max-width: 1920px) 100vw, 1920px\" \/><\/div><\/div><div class=\"w-image us_custom_72fc42ef style_outlined align_center\"><div class=\"w-image-h\"><img decoding=\"async\" width=\"542\" height=\"402\" src=\"https:\/\/www.emz.de\/wp-content\/uploads\/2023\/10\/01-ihk-ak2023-ihk-ausbildungsbetrieb-siegel-digital-482x357px-data.jpg\" class=\"attachment-full size-full\" alt=\"\" loading=\"lazy\" srcset=\"https:\/\/www.emz.de\/wp-content\/uploads\/2023\/10\/01-ihk-ak2023-ihk-ausbildungsbetrieb-siegel-digital-482x357px-data.jpg 542w, https:\/\/www.emz.de\/wp-content\/uploads\/2023\/10\/01-ihk-ak2023-ihk-ausbildungsbetrieb-siegel-digital-482x357px-data-300x223.jpg 300w\" sizes=\"auto, (max-width: 542px) 100vw, 542px\" \/><\/div><\/div><div class=\"w-image us_custom_72fc42ef align_center\"><div class=\"w-image-h\"><img decoding=\"async\" width=\"227\" height=\"160\" src=\"https:\/\/www.emz.de\/wp-content\/uploads\/2023\/10\/ID_143_Aufkleber_wir-bilden-aus2_WEB2.jpg\" class=\"attachment-full size-full\" alt=\"\" loading=\"lazy\" \/><\/div><\/div><\/div><\/div><\/div><\/div><\/section><section class=\"l-section wpb_row height_auto\"><div class=\"l-section-h i-cf\"><div class=\"g-cols vc_row via_grid cols_1 laptops-cols_inherit tablets-cols_inherit mobiles-cols_1 valign_bottom type_default stacking_default\"><div class=\"wpb_column vc_column_container\"><div class=\"vc_column-inner\"><\/div><\/div><div class=\"wpb_column vc_column_container\"><div class=\"vc_column-inner\"><div class=\"w-text us_custom_dcc583e8 has_text_color\"><span class=\"w-text-h\"><span class=\"w-text-value\">EMZ Allemagne<\/span><\/span><\/div><\/div><\/div><\/div><\/div><\/section><section class=\"l-section wpb_row height_small\"><div class=\"l-section-h i-cf\"><div class=\"g-cols vc_row via_grid cols_1 laptops-cols_inherit tablets-cols_inherit mobiles-cols_1 valign_top type_default stacking_default\"><div class=\"wpb_column vc_column_container\"><div class=\"vc_column-inner\"><div class=\"w-tabs style_default switch_click accordion type_togglable has_scrolling\" style=\"--sections-title-size:25px\"><div class=\"w-tabs-sections titles-align_none icon_chevron cpos_right\"><div class=\"w-tabs-section has_text_color\" id=\"ya55\" itemscope itemprop=\"mainEntity\" itemtype=\"https:\/\/schema.org\/Question\" style=\"color:var(--color-header-top-text);\"><button class=\"w-tabs-section-header\" aria-controls=\"content-ya55\" aria-expanded=\"false\"><div class=\"w-tabs-section-title\" itemprop=\"name\">Ing\u00e9nieur commercial (h\/f\/d) \u2013 moteurs haute tension et gros entra\u00eenements de l&rsquo;\u00e9lectrotechnique<\/div><div class=\"w-tabs-section-control\"><\/div><\/button><div  class=\"w-tabs-section-content\" id=\"content-ya55\" itemscope itemprop=\"acceptedAnswer\" itemtype=\"https:\/\/schema.org\/Answer\"><div class=\"w-tabs-section-content-h i-cf\" itemprop=\"text\"><div class=\"wpb_text_column us_custom_8b3d6790 has_text_color\"><div class=\"wpb_wrapper\"><p><strong>TES T\u00c2CHES<\/strong><\/p>\n<p>Votre activit\u00e9 vari\u00e9e est ax\u00e9e sur la distribution de moteurs \u00e9lectriques basse tension pour leurs diverses applications dans l&rsquo;industrie. La gamme de produits propos\u00e9s comprend des moteurs et des variateurs \u00e9lectroniques de vitesse dans une plage de puissance allant jusqu&rsquo;\u00e0 1 000 kW. Votre mission comprend la prise en charge de nos clients pour toutes les activit\u00e9s li\u00e9es \u00e0 la vente, en particulier l&rsquo;\u00e9laboration des devis, le traitement des commandes et le suivi personnel &#8211; outre les conseils par t\u00e9l\u00e9phone et par \u00e9crit &#8211; sous forme de d\u00e9placements client\u00e8le. Du arbeitest dabei in einem Team mit anderen Vertriebsmitarbeiter\/-innen zusammen.<\/p>\n<p><strong>VOS COMP\u00c9TENCES<\/strong><\/p>\n<ul>\n<li>Vous disposez d&rsquo;une formation professionnelle et poss\u00e9dez des connaissances dans la vente de produits techniques<\/li>\n<li>Vous appr\u00e9ciez les d\u00e9placements professionnels<\/li>\n<li>Vous avez l&rsquo;esprit d&rsquo;\u00e9quipe<\/li>\n<li>Vous aimez d\u00e9velopper des solutions constructives<\/li>\n<li>Sens de l&rsquo;engagement, de l&rsquo;initiative et de l&rsquo;organisation font partie de vos qualit\u00e9s.<\/li>\n<\/ul>\n<p><strong>Si tu as des questions, n&rsquo;h\u00e9site pas \u00e0 contacter Kevin Wagner au +49 23 61 &#8211; 69 09 &#8211; 52 ou envoie-nous ta candidature par e-mail \u00e0 <a href=\"mailto:bewerbung@emz.de\">bewerbung@emz.de<\/a> en indiquant tes pr\u00e9tentions salariales.<\/strong><\/p>\n<\/div><\/div><\/div><\/div><\/div><div class=\"w-tabs-section has_text_color\" id=\"tbe8\" itemscope itemprop=\"mainEntity\" itemtype=\"https:\/\/schema.org\/Question\" style=\"color:var(--color-header-top-text);\"><button class=\"w-tabs-section-header\" aria-controls=\"content-tbe8\" aria-expanded=\"false\"><div class=\"w-tabs-section-title\" itemprop=\"name\">Ing\u00e9nieur de projet (m\/f) pour les moteurs haute tension et les grands entra\u00eenements de l&rsquo;\u00e9lectrotechnique<\/div><div class=\"w-tabs-section-control\"><\/div><\/button><div  class=\"w-tabs-section-content\" id=\"content-tbe8\" itemscope itemprop=\"acceptedAnswer\" itemtype=\"https:\/\/schema.org\/Answer\"><div class=\"w-tabs-section-content-h i-cf\" itemprop=\"text\"><div class=\"wpb_text_column us_custom_8b3d6790 has_text_color\"><div class=\"wpb_wrapper\"><p>Pour notre si\u00e8ge social \u00e0 Recklinghausen, nous recherchons d\u00e8s \u00e0 pr\u00e9sent un(e) ing\u00e9nieur(e) de projet pour les moteurs haute tension et les grands entra\u00eenements de l&rsquo;\u00e9lectrotechnique.<\/p>\n<p><strong>TES T\u00c2CHES<\/strong><\/p>\n<p>Votre activit\u00e9 vari\u00e9e est ax\u00e9e sur la vente de moteurs haute tension et de gros entra\u00eenements pour toutes les applications de l&rsquo;industrie lourde. La gamme de produits comprend des moteurs \u00e0 rotor en court-circuit et \u00e0 bague collectrice, des machines synchrones ainsi que des r\u00e9pliques interchangeables \u00e0 100 % dans la plage de puissance de 200 \u00e0 20 000 kW. Vous initiez un \u00e9change \u00e9troit avec nos clients, analysez leurs besoins et concevez les solutions d&rsquo;entra\u00eenement appropri\u00e9es. En raison de notre pr\u00e9sence \u00e0 l&rsquo;international, les d\u00e9placements occasionnels \u00e0 l&rsquo;\u00e9tranger chez nos clients et partenaires commerciaux font partie de votre domaine d&rsquo;activit\u00e9.<\/p>\n<p><strong>VOS COMP\u00c9TENCES<\/strong><\/p>\n<ul>\n<li style=\"list-style-type: none;\">\n<ul>\n<li>Ing\u00e9nieur en g\u00e9nie \u00e9lectrique ou dipl\u00f4me \u00e9quivalent avec des connaissances dans le domaine des syst\u00e8mes d&rsquo;entra\u00eenement \u00e9lectrique<\/li>\n<li>Vous ma\u00eetrisez l&rsquo;anglais \u00e0 l&rsquo;oral et \u00e0 l&rsquo;\u00e9crit<\/li>\n<li>Vous appr\u00e9ciez les d\u00e9placements professionnels<\/li>\n<li>Vous avez l&rsquo;esprit d&rsquo;\u00e9quipe<\/li>\n<li>Vous aimez d\u00e9velopper des solutions constructives<\/li>\n<li>Exp\u00e9rience dans la vente et\/ou la gestion de projets souhait\u00e9e<\/li>\n<li>Sens de l&rsquo;engagement, de l&rsquo;initiative et de l&rsquo;organisation font partie de vos qualit\u00e9s.<\/li>\n<\/ul>\n<\/li>\n<\/ul>\n<p><strong>Pour toute question, n&rsquo;h\u00e9site pas \u00e0 contacter Madame Carolin H\u00fcbner au +49 23 61 &#8211; 69 09 &#8211; 19 ou \u00e0 nous envoyer ta candidature par e-mail \u00e0 <a href=\"mailto:bewerbung@emz.de\">bewerbung@emz.de<\/a> en indiquant tes pr\u00e9tentions salariales.<\/strong><\/p>\n<\/div><\/div><\/div><\/div><\/div><div class=\"w-tabs-section has_text_color\" id=\"vd5f\" itemscope itemprop=\"mainEntity\" itemtype=\"https:\/\/schema.org\/Question\" style=\"color:var(--color-header-top-text);\"><button class=\"w-tabs-section-header\" aria-controls=\"content-vd5f\" aria-expanded=\"false\"><div class=\"w-tabs-section-title\" itemprop=\"name\">Formation pour devenir employ\u00e9(e) de commerce en gestion du commerce de gros et affaires internationales (h\/f\/d)<\/div><div class=\"w-tabs-section-control\"><\/div><\/button><div  class=\"w-tabs-section-content\" id=\"content-vd5f\" itemscope itemprop=\"acceptedAnswer\" itemtype=\"https:\/\/schema.org\/Answer\"><div class=\"w-tabs-section-content-h i-cf\" itemprop=\"text\"><div class=\"wpb_text_column us_custom_24a85f83 has_text_color\"><div class=\"wpb_wrapper\"><p>Pour notre si\u00e8ge de Recklinghausen, nous recherchons un constructeur de machines \u00e9lectriques ou un \u00e9lectricien pour machines et syst\u00e8mes d&rsquo;entra\u00eenement (h\/f\/d) \u2013 poste \u00e0 pourvoir imm\u00e9diatement.<\/p>\n<p><strong>TES T\u00c2CHES<\/strong><\/p>\n<p>En tant que constructeur de machines \u00e9lectriques ou \u00e9lectronicien pour machines et techniques d&rsquo;entra\u00eenement (h\/f), ton futur domaine de responsabilit\u00e9 comprend, outre la r\u00e9paration et l&rsquo;entretien de machines \u00e9lectriques, la modification de moteurs selon les exigences individuelles des clients. Tes t\u00e2ches comprennent \u00e9galement des contr\u00f4les de qualit\u00e9 ainsi que la r\u00e9alisation de montages journaliers dans un p\u00e9rim\u00e8tre proche et des mises en service, la satisfaction du client et la qualit\u00e9 de nos travaux \u00e9tant la priorit\u00e9 absolue chez EMZ. C&rsquo;est pourquoi nous accordons beaucoup d&rsquo;importance \u00e0 un suivi client\u00e8le complet et \u00e0 un \u00e9change ouvert et comp\u00e9tent avec le client.<\/p>\n<p><strong>VOS COMP\u00c9TENCES<\/strong><\/p>\n<ul>\n<li>Une formation professionnelle de constructeur\/constructrice de machines \u00e9lectriques, \u00e9lectronicien\/ne pour machines et technique d&rsquo;entra\u00eenement ou formation professionnelle comparable en \u00e9lectrotechnique ou m\u00e9canique<\/li>\n<li>Vous avez des connaissances approfondies des machines \u00e9lectriques et des syst\u00e8mes d&rsquo;entra\u00eenement<\/li>\n<li>Vous avez l&rsquo;esprit d&rsquo;\u00e9quipe et on peut compter sur votre fiabilit\u00e9<\/li>\n<li>Vous aimez travailler de mani\u00e8re autonome, minutieuse et responsable<\/li>\n<li>Vous \u00eates enclin(e) \u00e0 poursuivre votre d\u00e9veloppement et ouvert(e) aux formations continues<\/li>\n<li>Vous poss\u00e9dez de bonnes capacit\u00e9s de communication<\/li>\n<li>Vous \u00eates pr\u00eat \u00e0 travailler de mani\u00e8re flexible.<\/li>\n<li>Disposition \u00e0 voyager (max. 10-15%)<\/li>\n<\/ul>\n<p><strong>Si tu as des questions, n&rsquo;h\u00e9site pas \u00e0 contacter Alexander L\u00fcsser au +49 23 61 &#8211; 69 09 &#8211; 29 ou envoie-nous ta candidature en indiquant tes pr\u00e9tentions salariales par e-mail \u00e0 <a href=\"mailto:bewerbung@emz.de\">bewerbung@emz.de.<\/a><\/strong><\/p>\n<\/div><\/div><\/div><\/div><\/div><div class=\"w-tabs-section has_text_color\" id=\"tef8\" itemscope itemprop=\"mainEntity\" itemtype=\"https:\/\/schema.org\/Question\" style=\"color:var(--color-header-top-text);\"><button class=\"w-tabs-section-header\" aria-controls=\"content-tef8\" aria-expanded=\"false\"><div class=\"w-tabs-section-title\" itemprop=\"name\">Formation pour devenir technicien(ne) en \u00e9lectronique pour les machines et les syst\u00e8mes d&rsquo;entra\u00eenement (h\/f\/d)<\/div><div class=\"w-tabs-section-control\"><\/div><\/button><div  class=\"w-tabs-section-content\" id=\"content-tef8\" itemscope itemprop=\"acceptedAnswer\" itemtype=\"https:\/\/schema.org\/Answer\"><div class=\"w-tabs-section-content-h i-cf\" itemprop=\"text\"><div class=\"wpb_text_column us_custom_24a85f83 has_text_color\"><div class=\"wpb_wrapper\"><p>Pour notre si\u00e8ge social \u00e0 Recklinghausen, nous recherchons des apprentis en gestion du commerce de gros et du commerce ext\u00e9rieur (h\/f) pour le 1er ao\u00fbt 2023.<\/p>\n<p><strong>TES T\u00c2CHES<\/strong><\/p>\n<p>Les employ\u00e9s de commerce sp\u00e9cialis\u00e9s dans le commerce de gros et les affaires internationales ach\u00e8tent des marchandises de toutes sortes aupr\u00e8s des fabricants ou des fournisseurs et les revendent au commerce, \u00e0 l&rsquo;artisanat et \u00e0 l&rsquo;industrie. En tant qu&#8217;employ\u00e9(e) de commerce, vous veillez \u00e0 la gestion \u00e9conomique des stocks et \u00e0 l&rsquo;optimisation des flux de marchandises, c&rsquo;est-\u00e0-dire que vous surveillez la cha\u00eene logistique, v\u00e9rifiez la r\u00e9ception des marchandises ainsi que les stocks, vous commandez des marchandises suppl\u00e9mentaires et planifiez leur livraison<br \/>\nLa dur\u00e9e de la formation est de 3 ans, mais peut \u00eatre r\u00e9duite si la personne en question a les aptitudes requises.<\/p>\n<p><strong>VOS COMP\u00c9TENCES<\/strong><\/p>\n<ul>\n<li>Baccalaur\u00e9at professionnel ou similaire<\/li>\n<li>Vous poss\u00e9dez de bonnes capacit\u00e9s de communication<\/li>\n<li>Vous disposez d&rsquo;une bonne compr\u00e9hension technique<\/li>\n<li>Vous avez de bonnes connaissances en informatique<\/li>\n<\/ul>\n<p><strong>LES PERSPECTIVES<\/strong><\/p>\n<ul>\n<li>Un taux d&#8217;embauche \u00e9lev\u00e9<\/li>\n<li>D\u00e9finition de la sp\u00e9cialisation en fonction des besoins et des capacit\u00e9s de l&rsquo;apprenti<\/li>\n<li>Aide \u00e0 la formation continue, notamment aux \u00e9tudes.<\/li>\n<\/ul>\n<p><strong>Si vous avez des questions, n&rsquo;h\u00e9sitez pas \u00e0 contacter Mme Ursula Wirth au +49 23 61 &#8211; 69 09 &#8211; 16 ou \u00e0 nous envoyer votre candidature en indiquant vos pr\u00e9tentions salariales par e-mail \u00e0 <a href=\"mailto:bewerbung@emz.de\">bewerbung@emz.de.<\/a><\/strong><\/p>\n<\/div><\/div><\/div><\/div><\/div><div class=\"w-tabs-section has_text_color\" id=\"r096\" itemscope itemprop=\"mainEntity\" itemtype=\"https:\/\/schema.org\/Question\" style=\"color:var(--color-header-top-text);\"><button class=\"w-tabs-section-header\" aria-controls=\"content-r096\" aria-expanded=\"false\"><div class=\"w-tabs-section-title\" itemprop=\"name\">Formation pour devenir magasinier sp\u00e9cialis\u00e9 (h\/f\/d)<\/div><div class=\"w-tabs-section-control\"><\/div><\/button><div  class=\"w-tabs-section-content\" id=\"content-r096\" itemscope itemprop=\"acceptedAnswer\" itemtype=\"https:\/\/schema.org\/Answer\"><div class=\"w-tabs-section-content-h i-cf\" itemprop=\"text\"><div class=\"wpb_text_column us_custom_24a85f83 has_text_color\"><div class=\"wpb_wrapper\"><p>Pour notre si\u00e8ge social \u00e0 Recklinghausen, nous recherchons des apprentis \u00e9lectroniciens en technique des machines et des entra\u00eenements (m\/f) pour le 1er ao\u00fbt 2023.<\/p>\n<p><strong>TES T\u00c2CHES<\/strong><\/p>\n<p>En tant qu&rsquo;\u00e9lectronicien(ne) en technique des machines et des entra\u00eenements, ta formation vari\u00e9e consiste en la fabrication de bobinages jusqu&rsquo;au montage, \u00e0 la mise en service et \u00e0 la maintenance de machines \u00e9lectriques et de syst\u00e8mes d&rsquo;entra\u00eenement.<\/p>\n<p>La dur\u00e9e de la formation est de 3,5 ans.<\/p>\n<p>Trois fois par an, des cours en bloc ont lieu \u00e0 M\u00fcnster pendant 4 \u00e0 6 semaines. Le logement sur place est bien entendu pris en charge.<\/p>\n<p><strong>VOS COMP\u00c9TENCES<\/strong><\/p>\n<ul>\n<li>Dipl\u00f4me d&rsquo;\u00e9tudes secondaires qualifi\u00e9es ou plus<\/li>\n<li>Vous poss\u00e9dez des aptitudes manuelles<\/li>\n<li>Vous avez une bonne compr\u00e9hension technique.<\/li>\n<\/ul>\n<p><strong>LES \u00ab\u00a0PLUS\u00a0\u00bb DE EMZ :<\/strong><\/p>\n<p>OUTRE L&rsquo;OFFRE G\u00c9N\u00c9RALE SUSMENTIONN\u00c9E POUR NOS COLLABORATEURS, LES APPRENTIS B\u00c9N\u00c9FICIENT \u00c9GALEMENT D&rsquo;UNE AIDE SUPPL\u00c9MENTAIRE DE NOTRE PART.<\/p>\n<ul>\n<li>Le logement et la pension alimentaire \u00e0 M\u00fcnster pendant la scolarit\u00e9 : financement de l&rsquo;h\u00e9bergement des jeunes au Kettlerhaus \u00e0 M\u00fcnster, qui comprend, outre le logement en chambre individuelle, la restauration et l&rsquo;accompagnement socio-p\u00e9dagogique.<\/li>\n<li>Des cours interentreprises : offre de perfectionnement via la formation continue avec prise en charge des frais d&rsquo;h\u00e9bergement \u00e0 l&rsquo;internat de la chambre des m\u00e9tiers (HBZ) de M\u00fcnster.<\/li>\n<\/ul>\n<p><strong>LES PERSPECTIVES<\/strong><\/p>\n<ul>\n<li>Un taux d&#8217;embauche \u00e9lev\u00e9<\/li>\n<li>D\u00e9finition de la sp\u00e9cialisation en fonction des besoins et des capacit\u00e9s de l&rsquo;apprenti<\/li>\n<li>Possibilit\u00e9s vari\u00e9es de formation continue et de perfectionnement<\/li>\n<\/ul>\n<p><strong>Si tu as des questions, n&rsquo;h\u00e9site pas \u00e0 contacter Alexander L\u00fcsser au +49 23 61 &#8211; 69 09 &#8211; 29 ou envoie-nous ta candidature par e-mail \u00e0 bewerbung@emz.de.<\/strong><\/p>\n<\/div><\/div><\/div><\/div><\/div><div class=\"w-tabs-section has_text_color\" id=\"x20c\" itemscope itemprop=\"mainEntity\" itemtype=\"https:\/\/schema.org\/Question\" style=\"color:var(--color-header-top-text);\"><button class=\"w-tabs-section-header\" aria-controls=\"content-x20c\" aria-expanded=\"false\"><div class=\"w-tabs-section-title\" itemprop=\"name\">Accompagnement de th\u00e8ses de fin d&rsquo;\u00e9tudes pour les \u00e9tudiants en Bachelor et Master (h\/f\/d)<\/div><div class=\"w-tabs-section-control\"><\/div><\/button><div  class=\"w-tabs-section-content\" id=\"content-x20c\" itemscope itemprop=\"acceptedAnswer\" itemtype=\"https:\/\/schema.org\/Answer\"><div class=\"w-tabs-section-content-h i-cf\" itemprop=\"text\"><div class=\"wpb_text_column us_custom_24a85f83 has_text_color\"><div class=\"wpb_wrapper\"><p>Pour notre si\u00e8ge social \u00e0 Recklinghausen, nous recherchons des apprentis magasiniers sp\u00e9cialis\u00e9s (m\/f) pour le 1er ao\u00fbt 2023.<\/p>\n<p><strong>TES T\u00c2CHES<\/strong><\/p>\n<p>Vous aimez travailler \u00e0 la planification, au transport et \u00e0 l&#8217;emballage ? Dans ce cas, une formation en logistique d&rsquo;entreposage est exactement ce qu&rsquo;il vous faut ! Votre activit\u00e9 vari\u00e9e en tant que magasinier sp\u00e9cialis\u00e9 est ax\u00e9e sur la r\u00e9ception, le chargement et l&#8217;emballage des marchandises, \u00e0 l&rsquo;aide de logiciels et de syst\u00e8mes de gestion des stocks. En outre, vous contr\u00f4lez la sortie des marchandises et, \u00e0 intervalles r\u00e9guliers, l&rsquo;\u00e9tat des stocks et effectuez des inventaires. La planification logistique et l&rsquo;organisation des processus de stockage compl\u00e8tent votre domaine d&rsquo;activit\u00e9.<\/p>\n<p>La dur\u00e9e de la formation est de 2 ans. On peut effectuer une formation compl\u00e9mentaire pour devenir technicien en logistique d&rsquo;entreposage (h\/f\/d) en prolongeant la formation d&rsquo;un an.<\/p>\n<p><strong>VOS COMP\u00c9TENCES<\/strong><\/p>\n<ul>\n<li>Un bon dipl\u00f4me d&rsquo;\u00e9cole secondaire ou de coll\u00e8ge<\/li>\n<li>Vous vous int\u00e9ressez aux processus logiques<\/li>\n<li>Vous avez le sens de l&rsquo;organisation et du d\u00e9tail<\/li>\n<li>Vous aimez le travail pratique en \u00e9quipe.<\/li>\n<\/ul>\n<p><strong>LES PERSPECTIVES<\/strong><\/p>\n<ul>\n<li>Un taux d&#8217;embauche \u00e9lev\u00e9<\/li>\n<li>D\u00e9finition de la sp\u00e9cialisation en fonction des besoins et des capacit\u00e9s de l&rsquo;apprenti<\/li>\n<li>Aide \u00e0 la formation continue, notamment aux \u00e9tudes.<\/li>\n<\/ul>\n<p><strong>Si vous avez des questions, n&rsquo;h\u00e9sitez pas \u00e0 contacter Mme Ursula Wirth au +49 23 61 &#8211; 69 09 &#8211; 16 ou \u00e0 nous envoyer votre candidature en indiquant vos pr\u00e9tentions salariales par e-mail \u00e0 <a href=\"mailto:bewerbung@emz.de\">bewerbung@emz.de.<\/a><\/strong><\/p>\n<\/div><\/div><\/div><\/div><\/div><div class=\"w-tabs-section has_text_color\" id=\"g39e\" itemscope itemprop=\"mainEntity\" itemtype=\"https:\/\/schema.org\/Question\" style=\"color:var(--color-header-top-text);\"><button class=\"w-tabs-section-header\" aria-controls=\"content-g39e\" aria-expanded=\"false\"><div class=\"w-tabs-section-title\" itemprop=\"name\">Stages pour \u00e9tudiants (h\/f\/d)<\/div><div class=\"w-tabs-section-control\"><\/div><\/button><div  class=\"w-tabs-section-content\" id=\"content-g39e\" itemscope itemprop=\"acceptedAnswer\" itemtype=\"https:\/\/schema.org\/Answer\"><div class=\"w-tabs-section-content-h i-cf\" itemprop=\"text\"><div class=\"wpb_text_column us_custom_24a85f83 has_text_color\"><div class=\"wpb_wrapper\"><p>Vous \u00eates \u00e0 la recherche d&rsquo;un encadrement pour votre travail de bachelor ou de master ?<\/p>\n<p><strong>REJOIGNEZ NOTRE \u00c9QUIPE !<\/strong><\/p>\n<p>Votre th\u00e8se de fin d&rsquo;\u00e9tudes vous permettra d&rsquo;\u00e9clairer les probl\u00e9matiques \u00e9conomiques et techniques qui impliquent une am\u00e9lioration strat\u00e9gique de notre ing\u00e9nierie, de nos produits, de notre administration et de nos prestations de service. Notre \u00e9quipe exp\u00e9riment\u00e9e vous aidera \u00e0 r\u00e9pondre aux questions techniques et administratives et vous donneront les meilleures cl\u00e9s pour r\u00e9ussir votre th\u00e8se.<\/p>\n<p>Vous avez d\u00e9j\u00e0 fait le choix de votre sujet ? Parlez-en avec nous et posez votre candidature en pr\u00e9sentant votre proposition de sujet et le plan que vous avez d\u00e9j\u00e0 \u00e9labor\u00e9.<\/p>\n<p>Pour votre information, voici quelques travaux de fin d&rsquo;\u00e9tudes r\u00e9alis\u00e9s par le pass\u00e9 sous notre supervision :<\/p>\n<ul>\n<li><strong>Lancement du capteur de moteur EMK 4.0<\/strong><br \/>\nAu cours du m\u00e9moire de bachelor \u00ab Conception d&rsquo;une strat\u00e9gie d&rsquo;entr\u00e9e sur le march\u00e9 pour le capteur de surveillance des moteurs \u00e9lectriques EMK 4.0 \u00bb, une \u00e9tude de march\u00e9 a \u00e9t\u00e9 r\u00e9alis\u00e9e, comportant une analyse des entreprises concurrentes ainsi que des produits concurrents puis une comparaison de ces derniers avec l&rsquo;EMK 4.0. Les donn\u00e9es obtenues ont ensuite permis de concevoir une strat\u00e9gie de vente.<\/li>\n<li><strong>Conception de proc\u00e9dures de mise sur le march\u00e9<\/strong><br \/>\nDans le cadre du m\u00e9moire de bachelor \u00ab Marketing de l&rsquo;innovation pour la soci\u00e9t\u00e9 EMZ GmbH \u2013 Analyse et conception du process de mise sur le march\u00e9 des entra\u00eenements sp\u00e9ciaux pour d\u00e9chiqueteuses \u00bb, la liste des exigences techniques n\u00e9cessaires \u00e0 l&rsquo;entra\u00eenement de d\u00e9chiqueteuses de ferrailles m\u00e9talliques a \u00e9t\u00e9 \u00e9tablie et une \u00e9tude de march\u00e9 a \u00e9t\u00e9 effectu\u00e9e. Un concept marketing a ensuite \u00e9t\u00e9 \u00e9labor\u00e9 et les exigences techniques pr\u00e9c\u00e9demment d\u00e9termin\u00e9es ont \u00e9t\u00e9 compar\u00e9es \u00e0 la conception technique du mod\u00e8le de pr\u00e9-s\u00e9rie.<\/li>\n<li><strong>Recherche empirique sur le th\u00e8me du \u00ab leadership authentique<\/strong><br \/>\nLa th\u00e8se de master intitul\u00e9e \u00ab Le leadership authentique comme futur facteur de r\u00e9ussite pour les entreprises : une \u00e9tude empirique de l&rsquo;impact du leadership authentique sur la satisfaction, la motivation et la qualit\u00e9 du travail \u00bb s&rsquo;est pench\u00e9e sur les styles de leadership authentique et le management au fil des g\u00e9n\u00e9rations. L&rsquo;objectif de la recherche \u00e9tait de distinguer dans quelle mesure les diff\u00e9rentes formes de leadership authentique influencent les variables d\u00e9pendantes que sont la satisfaction, la motivation et la qualit\u00e9 du travail des collaborateurs, et cela, en fonction des diff\u00e9rentes tranches d&rsquo;\u00e2ge.<\/li>\n<\/ul>\n<p>Autres sujets abord\u00e9s : optimisation des stocks, canaux de communication personnalis\u00e9s<\/p>\n<p><strong>Si vous avez des questions, n&rsquo;h\u00e9sitez pas \u00e0 contacter Mme Carolin H\u00fcbner par t\u00e9l\u00e9phone au +49 23 61 &#8211; 69 09 &#8211; 19 ou \u00e0 nous envoyer votre candidature par e-mail \u00e0 <a href=\"mailto:bewerbung@emz.de\">bewerbung@emz.de.<\/a><\/strong><\/p>\n<\/div><\/div><\/div><\/div><\/div><div class=\"w-tabs-section has_text_color\" id=\"w4dd\" itemscope itemprop=\"mainEntity\" itemtype=\"https:\/\/schema.org\/Question\" style=\"color:var(--color-header-top-text);\"><button class=\"w-tabs-section-header\" aria-controls=\"content-w4dd\" aria-expanded=\"false\"><div class=\"w-tabs-section-title\" itemprop=\"name\">Stages pour \u00e9tudiants (h\/f)<\/div><div class=\"w-tabs-section-control\"><\/div><\/button><div  class=\"w-tabs-section-content\" id=\"content-w4dd\" itemscope itemprop=\"acceptedAnswer\" itemtype=\"https:\/\/schema.org\/Answer\"><div class=\"w-tabs-section-content-h i-cf\" itemprop=\"text\"><div class=\"wpb_text_column us_custom_24a85f83 has_text_color\"><div class=\"wpb_wrapper\"><p>Pendant vos vacances universitaires, vous avez la possibilit\u00e9 d&rsquo;effectuer un stage en gestion d&rsquo;entreprise ou un stage technique chez nous. Vous aurez la possibilit\u00e9 de travailler dans les domaines suivants :<\/p>\n<ul>\n<li>Administration \/ vente<\/li>\n<li>Construction de machines \u00e9lectriques \/ atelier<\/li>\n<\/ul>\n<p><strong>Si vous avez des questions, n&rsquo;h\u00e9sitez pas \u00e0 contacter Mme Carolin H\u00fcbner par t\u00e9l\u00e9phone au +49 23 61 &#8211; 69 09 &#8211; 19 ou \u00e0 nous envoyer votre candidature par e-mail \u00e0 <a href=\"mailto:bewerbung@emz.de\">bewerbung@emz.de.<\/a><\/strong><\/p>\n<\/div><\/div><\/div><\/div><\/div><\/div><\/div><\/div><\/div><\/div><\/div><\/section><section class=\"l-section wpb_row us_custom_f029a2ba height_small\"><div class=\"l-section-h i-cf\"><div class=\"g-cols vc_row via_grid cols_1 laptops-cols_inherit tablets-cols_inherit mobiles-cols_1 valign_top type_default stacking_default\"><div class=\"wpb_column vc_column_container\"><div class=\"vc_column-inner\"><div class=\"w-text us_custom_dcc583e8 has_text_color\"><span class=\"w-text-h\"><span class=\"w-text-value\">EMZ Suisse<\/span><\/span><\/div><\/div><\/div><div class=\"wpb_column vc_column_container\"><div class=\"vc_column-inner\"><\/div><\/div><\/div><\/div><\/section><section class=\"l-section wpb_row height_small\"><div class=\"l-section-h i-cf\"><div class=\"g-cols vc_row via_grid cols_1 laptops-cols_inherit tablets-cols_inherit mobiles-cols_1 valign_top type_default stacking_default\"><div class=\"wpb_column vc_column_container us_custom_43e76872\"><div class=\"vc_column-inner\"><div class=\"wpb_text_column us_custom_8b3d6790 has_text_color\"><div class=\"wpb_wrapper\"><p>Le groupe EMZ est compos\u00e9 de collaborateurs engag\u00e9s et motiv\u00e9s qui travaillent ensemble de mani\u00e8re responsable et collective, d&rsquo;\u00e9gal \u00e0 \u00e9gal. Nos relations sont marqu\u00e9es par l&rsquo;\u00e9quit\u00e9, la tol\u00e9rance et l&rsquo;objectivit\u00e9, ce qui nous permet d&rsquo;obtenir les meilleurs r\u00e9sultats possibles. Nos collaborateurs appr\u00e9cient de travailler de mani\u00e8re autonome et responsable et de b\u00e9n\u00e9ficier d&rsquo;une excellente ambiance de travail, que nous encourageons de mani\u00e8re cibl\u00e9e par des activit\u00e9s communes de l&rsquo;entreprise.<\/p>\n<p>Outre l&rsquo;attention que nous portons \u00e0 nos collaborateurs, nos pr\u00e9c\u00e9d\u00e9s orient\u00e9s vers l&rsquo;avenir constituent l&rsquo;un des piliers de notre culture d&rsquo;entreprise. Nous nous trouvons ainsi dans un processus permanent d&rsquo;adaptation optimale aux \u00e9volutions nouvelles et exigeantes du march\u00e9.<\/p>\n<p>Autres b\u00e9n\u00e9fices offerts \u00e0 nos employ\u00e9s :<\/p>\n<\/div><\/div><div class=\"g-cols wpb_row us_custom_23252947 via_grid cols_3 laptops-cols_inherit tablets-cols_inherit mobiles-cols_1 valign_top type_default stacking_default\" style=\"--columns-gap:3rem;\"><div class=\"wpb_column vc_column_container\"><div class=\"vc_column-inner\"><div class=\"w-iconbox us_custom_8b3d6790 has_text_color iconpos_left style_default color_secondary align_left\"><div class=\"w-iconbox-icon\" style=\"font-size:2rem;\"><i class=\"fal fa-kite\"><\/i><\/div><div class=\"w-iconbox-meta\"><p class=\"w-iconbox-title\" style=\"font-size:22px;\">\u00c9QUILIBRE TRAVAIL &#8211; VIE PRIV\u00c9E<\/p><div class=\"w-iconbox-text\"><p>Possibilit\u00e9 de t\u00e9l\u00e9travail dans le cadre de notre structure de travail<\/p>\n<\/div><\/div><\/div><div class=\"w-separator us_custom_33fe73d0 size_small with_line width_default thick_2 style_solid color_secondary align_center\"><div class=\"w-separator-h\"><\/div><\/div><div class=\"w-iconbox us_custom_8b3d6790 has_text_color iconpos_left style_default color_secondary align_left\"><div class=\"w-iconbox-icon\" style=\"font-size:2rem;\"><i class=\"fal fa-money-bill\"><\/i><\/div><div class=\"w-iconbox-meta\"><p class=\"w-iconbox-title\" style=\"font-size:22px;\">REMUN\u00c9RATION<\/p><div class=\"w-iconbox-text\"><p>\u00c9quitable et conforme aux performances.<\/p>\n<\/div><\/div><\/div><div class=\"w-separator us_custom_33fe73d0 size_small with_line width_default thick_2 style_solid color_secondary align_center\"><div class=\"w-separator-h\"><\/div><\/div><div class=\"w-iconbox us_custom_8b3d6790 has_text_color iconpos_left style_default color_secondary align_left\"><div class=\"w-iconbox-icon\" style=\"font-size:2rem;\"><i class=\"fal fa-clock\"><\/i><\/div><div class=\"w-iconbox-meta\"><p class=\"w-iconbox-title\" style=\"font-size:22px;\">Flexibilit\u00e9<\/p><div class=\"w-iconbox-text\"><p>Horaires de travail flexibles gr\u00e2ce \u00e0 un syst\u00e8me d&rsquo;horaires variables.<\/p>\n<\/div><\/div><\/div><\/div><\/div><div class=\"wpb_column vc_column_container\"><div class=\"vc_column-inner\"><div class=\"w-iconbox us_custom_8b3d6790 has_text_color iconpos_left style_default color_secondary align_left\"><div class=\"w-iconbox-icon\" style=\"font-size:2rem;\"><i class=\"fal fa-user-tie\"><\/i><\/div><div class=\"w-iconbox-meta\"><p class=\"w-iconbox-title\" style=\"font-size:22px;\">HI\u00c9RARCHIE PLATE<\/p><div class=\"w-iconbox-text\"><p>Un travail constructif en \u00e9quipe.<\/p>\n<\/div><\/div><\/div><div class=\"w-separator us_custom_33fe73d0 size_small with_line width_default thick_2 style_solid color_secondary align_center\"><div class=\"w-separator-h\"><\/div><\/div><div class=\"w-iconbox us_custom_8b3d6790 has_text_color iconpos_left style_default color_secondary align_left\"><div class=\"w-iconbox-icon\" style=\"font-size:2rem;\"><i class=\"fal fa-desktop\"><\/i><\/div><div class=\"w-iconbox-meta\"><p class=\"w-iconbox-title\" style=\"font-size:22px;\">ORGANISATION SANS PAPIER<\/p><div class=\"w-iconbox-text\"><p>Une excellente infrastructure technique.<\/p>\n<\/div><\/div><\/div><div class=\"w-separator us_custom_33fe73d0 size_small with_line width_default thick_2 style_solid color_secondary align_center\"><div class=\"w-separator-h\"><\/div><\/div><div class=\"w-iconbox us_custom_8b3d6790 has_text_color iconpos_left style_default color_secondary align_left\"><div class=\"w-iconbox-icon\" style=\"font-size:2rem;\"><i class=\"fal fa-biking\"><\/i><\/div><div class=\"w-iconbox-meta\"><p class=\"w-iconbox-title\" style=\"font-size:22px;\">BIKE-LEASING<\/p><div class=\"w-iconbox-text\"><p>Les amateurs de v\u00e9lo trouveront des perspectives id\u00e9ales, gr\u00e2ce \u00e0 EMZ.<\/p>\n<\/div><\/div><\/div><\/div><\/div><div class=\"wpb_column vc_column_container\"><div class=\"vc_column-inner\"><div class=\"w-iconbox us_custom_8b3d6790 has_text_color iconpos_left style_default color_secondary align_left\"><div class=\"w-iconbox-icon\" style=\"font-size:2rem;\"><i class=\"fal fa-utensils\"><\/i><\/div><div class=\"w-iconbox-meta\"><p class=\"w-iconbox-title\" style=\"font-size:22px;\">D\u00c9JEUNER SUBVENTIONN\u00c9 :<\/p><div class=\"w-iconbox-text\"><p>Un menu vari\u00e9 et diff\u00e9rent tous les jours \u00e0 la cantine et des boissons gratuites.<\/p>\n<\/div><\/div><\/div><div class=\"w-separator us_custom_33fe73d0 size_small with_line width_default thick_2 style_solid color_secondary align_center\"><div class=\"w-separator-h\"><\/div><\/div><div class=\"w-iconbox us_custom_8b3d6790 has_text_color iconpos_left style_default color_secondary align_left\"><div class=\"w-iconbox-icon\" style=\"font-size:2rem;\"><i class=\"fal fa-child\"><\/i><\/div><div class=\"w-iconbox-meta\"><p class=\"w-iconbox-title\" style=\"font-size:22px;\">GARDE D&rsquo;ENFANTS<\/p><div class=\"w-iconbox-text\"><p>EMZ subventionne la garde des enfants.<\/p>\n<\/div><\/div><\/div><div class=\"w-separator us_custom_33fe73d0 size_small with_line width_default thick_2 style_solid color_secondary align_center\"><div class=\"w-separator-h\"><\/div><\/div><div class=\"w-iconbox us_custom_8b3d6790 has_text_color iconpos_left style_default color_secondary align_left\"><div class=\"w-iconbox-icon\" style=\"font-size:2rem;\"><i class=\"fal fa-glass-cheers\"><\/i><\/div><div class=\"w-iconbox-meta\"><p class=\"w-iconbox-title\" style=\"font-size:22px;\">DE NOMBREUX AVANTAGES<\/p><div class=\"w-iconbox-text\"><p>Des \u00e9v\u00e9nements communs tels que les f\u00eates d&rsquo;\u00e9t\u00e9, la participation \u00e0 des courses d&rsquo;entreprise, des concours internes comme le \u00ab Challenge cycliste \u00bb ainsi que des primes sp\u00e9ciales, par exemple en cas de naissance, de mariage ou d&rsquo;anniversaire<\/p>\n<\/div><\/div><\/div><\/div><\/div><\/div><div class=\"wpb_text_column us_custom_e04720a2 has_text_color\"><div class=\"wpb_wrapper\"><p style=\"font-weight: 400;\">\u00c0 nos yeux, <strong>les bons collaborateurs<\/strong> constituent la base du succ\u00e8s de notre entreprise. La culture du <strong>collectif<\/strong> est cruciale pour nous car le succ\u00e8s de l&rsquo;entreprise est synonyme de succ\u00e8s de <strong>l&rsquo;\u00e9quipe<\/strong>. C&rsquo;est pourquoi, en tant qu&#8217;employeur, nous sommes toujours pr\u00eats \u00e0 investir dans de nouveaux collaborateurs de qualit\u00e9.<\/p>\n<\/div><\/div><\/div><\/div><\/div><\/div><\/section><section class=\"l-section wpb_row us_custom_f029a2ba height_small\"><div class=\"l-section-h i-cf\"><div class=\"g-cols vc_row via_grid cols_1 laptops-cols_inherit tablets-cols_inherit mobiles-cols_1 valign_middle type_default stacking_default\" style=\"--columns-gap:2rem;\"><div class=\"wpb_column vc_column_container\"><div class=\"vc_column-inner\"><div class=\"g-cols wpb_row us_custom_f66b7653 via_grid cols_2-1 laptops-cols_inherit tablets-cols_inherit mobiles-cols_1 valign_bottom type_default stacking_default\" style=\"--columns-gap:2rem;\"><div class=\"wpb_column vc_column_container\"><div class=\"vc_column-inner\"><div class=\"wpb_text_column\"><div class=\"wpb_wrapper\"><p>Veuillez envoyer votre candidature par e-mail \u00e0 <a href=\"mailto:bewerbung@emz.de\">bewerbung@emz.de<\/a> en indiquant vos pr\u00e9tentions salariales.<\/p>\n<\/div><\/div><\/div><\/div><div class=\"wpb_column vc_column_container\"><div class=\"vc_column-inner\"><div class=\"wpb_text_column\"><div class=\"wpb_wrapper\"><p>N&rsquo;h\u00e9sitez pas \u00e0 nous contacter : +49 23 61 \u2013 69 09 \u2013 19<\/p>\n<\/div><\/div><div class=\"w-iconbox us_custom_3188818e iconpos_left style_default color_secondary align_left no_title\"><div class=\"w-iconbox-icon\" style=\"font-size:22px;\"><i class=\"fas fa-phone\"><\/i><\/div><div class=\"w-iconbox-meta\"><div class=\"w-iconbox-text\"><p><strong>+49 23 61 &#8211; 69 09 &#8211; 19<\/strong><\/p>\n<\/div><\/div><\/div><div class=\"w-btn-wrapper align_left\"><a class=\"w-btn us-btn-style_1 us_custom_d2199d32\" href=\"http:\/\/E-MAIL \u00c0 BEWERBUNG@EMZ.DE\"><span class=\"w-btn-label\">E-MAIL \u00c0 BEWERBUNG@EMZ.DE<\/span><\/a><\/div><\/div><\/div><\/div><div class=\"w-video align_none ratio_16x9 has_iframe\"><div class=\"w-video-h\"> <div class=\"brlbs-cmpnt-container brlbs-cmpnt-content-blocker brlbs-cmpnt-with-individual-styles\" data-borlabs-cookie-content-blocker-id=\"vimeo-content-blocker\" data-borlabs-cookie-content=\"PGlmcmFtZSB0aXRsZT0iVmltZW8gdmlkZW8gcGxheWVyIiBzcmM9Imh0dHBzOi8vcGxheWVyLnZpbWVvLmNvbS92aWRlby83NDI2Nzk5MzE\/YXV0b3BsYXk9MCZsb29wPTAmYXV0b3BhdXNlPTAmY29sb3I9MDBhZGVmJnBvcnRyYWl0PTAmYnlsaW5lPTEmdGl0bGU9MSZjb250cm9scz0xJm11dGVkPTAiIGZyYW1lYm9yZGVyPSIwIiBhbGxvdz0iYXV0b3BsYXk7IGZ1bGxzY3JlZW4iIGFsbG93ZnVsbHNjcmVlbiBsb2FkaW5nPSJsYXp5Ij48L2lmcmFtZT4=\"><div class=\"brlbs-cmpnt-cb-preset-c brlbs-cmpnt-cb-vimeo\"> <div class=\"brlbs-cmpnt-cb-thumbnail\" style=\"background-image: url('https:\/\/www.emz.de\/wp-content\/uploads\/borlabs-cookie\/1\/vimeo_742679931.jpg')\"><\/div> <div class=\"brlbs-cmpnt-cb-main\"> <div class=\"brlbs-cmpnt-cb-play-button\"><\/div> <div class=\"brlbs-cmpnt-cb-content\"> <p class=\"brlbs-cmpnt-cb-description\">Vous \u00eates actuellement en train de consulter le contenu d'un espace r\u00e9serv\u00e9 de <strong>Vimeo<\/strong>. Pour acc\u00e9der au contenu r\u00e9el, cliquez sur le bouton ci-dessous. Veuillez noter que ce faisant, des donn\u00e9es seront partag\u00e9es avec des providers tiers.<\/p> <a class=\"brlbs-cmpnt-cb-provider-toggle\" href=\"#\" data-borlabs-cookie-show-provider-information role=\"button\">Plus d'informations<\/a> <\/div> <div class=\"brlbs-cmpnt-cb-buttons\"> <a class=\"brlbs-cmpnt-cb-btn\" href=\"#\" data-borlabs-cookie-unblock role=\"button\">D\u00e9bloquer le contenu<\/a> <a class=\"brlbs-cmpnt-cb-btn\" href=\"#\" data-borlabs-cookie-accept-service role=\"button\" style=\"display: inherit\">Accepter le service requis et d\u00e9bloquer les contenus<\/a> <\/div> <\/div> <\/div><\/div><\/div><\/div><\/div><\/div><\/div><\/div><\/section><section class=\"l-section wpb_row us_custom_33fe73d0 height_medium width_full\"><div class=\"l-section-h i-cf\"><div class=\"g-cols vc_row via_grid cols_1 laptops-cols_inherit tablets-cols_inherit mobiles-cols_1 valign_bottom type_default stacking_default\"><div class=\"wpb_column vc_column_container\"><div class=\"vc_column-inner\"><div class=\"w-separator us_custom_b57aaf8b size_huge\"><\/div><\/div><\/div><\/div><\/div><\/section>\n","protected":false},"excerpt":{"rendered":"[vc_custom_heading text=\"OFFRES D'EMPLOI ACTUELLES\" font_container=\"tag:p|text_align:left\" use_theme_fonts=\"yes\" css=\"%7B%22default%22%3A%7B%22color%22%3A%22_header_middle_bg%22%2C%22font-size%22%3A%2235px%22%2C%22font-family%22%3A%22h2%22%2C%22font-weight%22%3A%22700%22%2C%22text-transform%22%3A%22uppercase%22%7D%7D\"][vc_custom_heading source=\"post_title\" font_container=\"tag:h1|text_align:left\" use_theme_fonts=\"yes\" css=\"%7B%22default%22%3A%7B%22color%22%3A%22_header_middle_bg%22%2C%22margin-top%22%3A%220px%22%2C%22padding-top%22%3A%220px%22%7D%7D\"][vc_custom_heading text=\"\u00c0 PROPOS DE NOUS\" use_theme_fonts=\"yes\" css=\"%7B%22default%22%3A%7B%22color%22%3A%22_header_middle_text_hover%22%2C%22font-size%22%3A%2265px%22%2C%22font-family%22%3A%22h1%22%2C%22font-weight%22%3A%22200%22%7D%2C%22laptops%22%3A%7B%22color%22%3A%22_header_middle_text_hover%22%2C%22font-size%22%3A%2265px%22%2C%22font-family%22%3A%22h1%22%2C%22font-weight%22%3A%22200%22%7D%2C%22tablets%22%3A%7B%22color%22%3A%22_header_middle_text_hover%22%2C%22font-size%22%3A%2245px%22%2C%22font-family%22%3A%22h1%22%2C%22font-weight%22%3A%22200%22%7D%2C%22mobiles%22%3A%7B%22color%22%3A%22_header_middle_text_hover%22%2C%22font-size%22%3A%2245px%22%2C%22font-family%22%3A%22h1%22%2C%22font-weight%22%3A%22200%22%7D%7D\"]EMZ? \u00c9videmment ! Chez nous, tout est affaire de moteurs \u00e9lectriques ! EMZ est une entreprise familiale agissant au niveau international, dirig\u00e9e par son propri\u00e9taire et sp\u00e9cialis\u00e9e dans le secteur des syst\u00e8mes d&rsquo;entra\u00eenement \u00e9lectriques. Son si\u00e8ge se trouve dans...","protected":false},"author":1,"featured_media":3893,"parent":5057,"menu_order":4,"comment_status":"closed","ping_status":"closed","template":"","meta":{"footnotes":""},"class_list":["post-4802","page","type-page","status-publish","has-post-thumbnail","hentry"],"yoast_head":"<!-- This site is optimized with the Yoast SEO plugin v27.4 - https:\/\/yoast.com\/product\/yoast-seo-wordpress\/ -->\n<title>Carri\u00e8re | EMZ<\/title>\n<meta name=\"description\" content=\"Nos relations sont marqu\u00e9es par l&#039;\u00e9quit\u00e9, la tol\u00e9rance et l&#039;objectivit\u00e9, ce qui nous permet d&#039;obtenir les meilleurs r\u00e9sultats possibles.\" \/>\n<meta name=\"robots\" content=\"index, follow, max-snippet:-1, max-image-preview:large, max-video-preview:-1\" \/>\n<link rel=\"canonical\" href=\"https:\/\/www.emz.de\/fr\/entreprise\/carriere\/\" \/>\n<meta property=\"og:locale\" content=\"fr_FR\" \/>\n<meta property=\"og:type\" content=\"article\" \/>\n<meta property=\"og:title\" content=\"Carri\u00e8re | EMZ\" \/>\n<meta property=\"og:description\" content=\"Nos relations sont marqu\u00e9es par l&#039;\u00e9quit\u00e9, la tol\u00e9rance et l&#039;objectivit\u00e9, ce qui nous permet d&#039;obtenir les meilleurs r\u00e9sultats possibles.\" \/>\n<meta property=\"og:url\" content=\"https:\/\/www.emz.de\/fr\/entreprise\/carriere\/\" \/>\n<meta property=\"og:site_name\" content=\"EMZ\" \/>\n<meta property=\"article:publisher\" content=\"https:\/\/www.facebook.com\/EMZdeutschland\" \/>\n<meta property=\"article:modified_time\" content=\"2025-02-11T10:12:42+00:00\" \/>\n<meta property=\"og:image\" content=\"https:\/\/www.emz.de\/wp-content\/uploads\/2022\/08\/EMZ-Elektromotoren-Recklinghausen-1111905.jpg\" \/>\n\t<meta property=\"og:image:width\" content=\"1800\" \/>\n\t<meta property=\"og:image:height\" content=\"1200\" \/>\n\t<meta property=\"og:image:type\" content=\"image\/jpeg\" \/>\n<meta name=\"twitter:card\" content=\"summary_large_image\" \/>\n<script type=\"application\/ld+json\" class=\"yoast-schema-graph\">{\"@context\":\"https:\\\/\\\/schema.org\",\"@graph\":[{\"@type\":\"WebPage\",\"@id\":\"https:\\\/\\\/www.emz.de\\\/fr\\\/entreprise\\\/carriere\\\/\",\"url\":\"https:\\\/\\\/www.emz.de\\\/fr\\\/entreprise\\\/carriere\\\/\",\"name\":\"Carri\u00e8re | EMZ\",\"isPartOf\":{\"@id\":\"https:\\\/\\\/www.emz.de\\\/fr\\\/#website\"},\"primaryImageOfPage\":{\"@id\":\"https:\\\/\\\/www.emz.de\\\/fr\\\/entreprise\\\/carriere\\\/#primaryimage\"},\"image\":{\"@id\":\"https:\\\/\\\/www.emz.de\\\/fr\\\/entreprise\\\/carriere\\\/#primaryimage\"},\"thumbnailUrl\":\"https:\\\/\\\/www.emz.de\\\/wp-content\\\/uploads\\\/2022\\\/08\\\/EMZ-Elektromotoren-Recklinghausen-1111905.jpg\",\"datePublished\":\"2022-04-29T10:13:47+00:00\",\"dateModified\":\"2025-02-11T10:12:42+00:00\",\"description\":\"Nos relations sont marqu\u00e9es par l'\u00e9quit\u00e9, la tol\u00e9rance et l'objectivit\u00e9, ce qui nous permet d'obtenir les meilleurs r\u00e9sultats possibles.\",\"breadcrumb\":{\"@id\":\"https:\\\/\\\/www.emz.de\\\/fr\\\/entreprise\\\/carriere\\\/#breadcrumb\"},\"inLanguage\":\"fr-FR\",\"potentialAction\":[{\"@type\":\"ReadAction\",\"target\":[\"https:\\\/\\\/www.emz.de\\\/fr\\\/entreprise\\\/carriere\\\/\"]}]},{\"@type\":\"ImageObject\",\"inLanguage\":\"fr-FR\",\"@id\":\"https:\\\/\\\/www.emz.de\\\/fr\\\/entreprise\\\/carriere\\\/#primaryimage\",\"url\":\"https:\\\/\\\/www.emz.de\\\/wp-content\\\/uploads\\\/2022\\\/08\\\/EMZ-Elektromotoren-Recklinghausen-1111905.jpg\",\"contentUrl\":\"https:\\\/\\\/www.emz.de\\\/wp-content\\\/uploads\\\/2022\\\/08\\\/EMZ-Elektromotoren-Recklinghausen-1111905.jpg\",\"width\":1800,\"height\":1200},{\"@type\":\"BreadcrumbList\",\"@id\":\"https:\\\/\\\/www.emz.de\\\/fr\\\/entreprise\\\/carriere\\\/#breadcrumb\",\"itemListElement\":[{\"@type\":\"ListItem\",\"position\":1,\"name\":\"Home\",\"item\":\"https:\\\/\\\/www.emz.de\\\/fr\\\/\"},{\"@type\":\"ListItem\",\"position\":2,\"name\":\"Entreprise\",\"item\":\"https:\\\/\\\/www.emz.de\\\/fr\\\/entreprise\\\/\"},{\"@type\":\"ListItem\",\"position\":3,\"name\":\"Carri\u00e8re\"}]},{\"@type\":\"WebSite\",\"@id\":\"https:\\\/\\\/www.emz.de\\\/fr\\\/#website\",\"url\":\"https:\\\/\\\/www.emz.de\\\/fr\\\/\",\"name\":\"EMZ Elektromotoren f\u00fcr Hochspannung und Niederspannung\",\"description\":\"Spezialist f\u00fcr elektrische Antriebstechnik\",\"publisher\":{\"@id\":\"https:\\\/\\\/www.emz.de\\\/fr\\\/#organization\"},\"alternateName\":\"EMZ\",\"potentialAction\":[{\"@type\":\"SearchAction\",\"target\":{\"@type\":\"EntryPoint\",\"urlTemplate\":\"https:\\\/\\\/www.emz.de\\\/fr\\\/?s={search_term_string}\"},\"query-input\":{\"@type\":\"PropertyValueSpecification\",\"valueRequired\":true,\"valueName\":\"search_term_string\"}}],\"inLanguage\":\"fr-FR\"},{\"@type\":\"Organization\",\"@id\":\"https:\\\/\\\/www.emz.de\\\/fr\\\/#organization\",\"name\":\"EMZ Elektro-Maschinen-Zentrale GmbH\",\"alternateName\":\"EMZ\",\"url\":\"https:\\\/\\\/www.emz.de\\\/fr\\\/\",\"logo\":{\"@type\":\"ImageObject\",\"inLanguage\":\"fr-FR\",\"@id\":\"https:\\\/\\\/www.emz.de\\\/fr\\\/#\\\/schema\\\/logo\\\/image\\\/\",\"url\":\"https:\\\/\\\/www.emz.de\\\/wp-content\\\/uploads\\\/2022\\\/07\\\/EMZ_Logo_RGB_mitClaim_Positiv_2-farbig_Hellblau-Dunkelblau.svg\",\"contentUrl\":\"https:\\\/\\\/www.emz.de\\\/wp-content\\\/uploads\\\/2022\\\/07\\\/EMZ_Logo_RGB_mitClaim_Positiv_2-farbig_Hellblau-Dunkelblau.svg\",\"width\":\"1024\",\"height\":\"1024\",\"caption\":\"EMZ Elektro-Maschinen-Zentrale GmbH\"},\"image\":{\"@id\":\"https:\\\/\\\/www.emz.de\\\/fr\\\/#\\\/schema\\\/logo\\\/image\\\/\"},\"sameAs\":[\"https:\\\/\\\/www.facebook.com\\\/EMZdeutschland\",\"https:\\\/\\\/www.linkedin.com\\\/company\\\/emz-elektro-maschinen-zentrale-gmbh\\\/?originalSubdomain=de\",\"https:\\\/\\\/www.youtube.com\\\/channel\\\/UCajQ_5Xm-hS2H16Liwf5UAQ\\\/featured\",\"https:\\\/\\\/www.xing.com\\\/pages\\\/emz-elektro-maschinen-zentrale-gmbh\"]}]}<\/script>\n<!-- \/ Yoast SEO plugin. -->","yoast_head_json":{"title":"Carri\u00e8re | EMZ","description":"Nos relations sont marqu\u00e9es par l'\u00e9quit\u00e9, la tol\u00e9rance et l'objectivit\u00e9, ce qui nous permet d'obtenir les meilleurs r\u00e9sultats possibles.","robots":{"index":"index","follow":"follow","max-snippet":"max-snippet:-1","max-image-preview":"max-image-preview:large","max-video-preview":"max-video-preview:-1"},"canonical":"https:\/\/www.emz.de\/fr\/entreprise\/carriere\/","og_locale":"fr_FR","og_type":"article","og_title":"Carri\u00e8re | EMZ","og_description":"Nos relations sont marqu\u00e9es par l'\u00e9quit\u00e9, la tol\u00e9rance et l'objectivit\u00e9, ce qui nous permet d'obtenir les meilleurs r\u00e9sultats possibles.","og_url":"https:\/\/www.emz.de\/fr\/entreprise\/carriere\/","og_site_name":"EMZ","article_publisher":"https:\/\/www.facebook.com\/EMZdeutschland","article_modified_time":"2025-02-11T10:12:42+00:00","og_image":[{"width":1800,"height":1200,"url":"https:\/\/www.emz.de\/wp-content\/uploads\/2022\/08\/EMZ-Elektromotoren-Recklinghausen-1111905.jpg","type":"image\/jpeg"}],"twitter_card":"summary_large_image","schema":{"@context":"https:\/\/schema.org","@graph":[{"@type":"WebPage","@id":"https:\/\/www.emz.de\/fr\/entreprise\/carriere\/","url":"https:\/\/www.emz.de\/fr\/entreprise\/carriere\/","name":"Carri\u00e8re | EMZ","isPartOf":{"@id":"https:\/\/www.emz.de\/fr\/#website"},"primaryImageOfPage":{"@id":"https:\/\/www.emz.de\/fr\/entreprise\/carriere\/#primaryimage"},"image":{"@id":"https:\/\/www.emz.de\/fr\/entreprise\/carriere\/#primaryimage"},"thumbnailUrl":"https:\/\/www.emz.de\/wp-content\/uploads\/2022\/08\/EMZ-Elektromotoren-Recklinghausen-1111905.jpg","datePublished":"2022-04-29T10:13:47+00:00","dateModified":"2025-02-11T10:12:42+00:00","description":"Nos relations sont marqu\u00e9es par l'\u00e9quit\u00e9, la tol\u00e9rance et l'objectivit\u00e9, ce qui nous permet d'obtenir les meilleurs r\u00e9sultats possibles.","breadcrumb":{"@id":"https:\/\/www.emz.de\/fr\/entreprise\/carriere\/#breadcrumb"},"inLanguage":"fr-FR","potentialAction":[{"@type":"ReadAction","target":["https:\/\/www.emz.de\/fr\/entreprise\/carriere\/"]}]},{"@type":"ImageObject","inLanguage":"fr-FR","@id":"https:\/\/www.emz.de\/fr\/entreprise\/carriere\/#primaryimage","url":"https:\/\/www.emz.de\/wp-content\/uploads\/2022\/08\/EMZ-Elektromotoren-Recklinghausen-1111905.jpg","contentUrl":"https:\/\/www.emz.de\/wp-content\/uploads\/2022\/08\/EMZ-Elektromotoren-Recklinghausen-1111905.jpg","width":1800,"height":1200},{"@type":"BreadcrumbList","@id":"https:\/\/www.emz.de\/fr\/entreprise\/carriere\/#breadcrumb","itemListElement":[{"@type":"ListItem","position":1,"name":"Home","item":"https:\/\/www.emz.de\/fr\/"},{"@type":"ListItem","position":2,"name":"Entreprise","item":"https:\/\/www.emz.de\/fr\/entreprise\/"},{"@type":"ListItem","position":3,"name":"Carri\u00e8re"}]},{"@type":"WebSite","@id":"https:\/\/www.emz.de\/fr\/#website","url":"https:\/\/www.emz.de\/fr\/","name":"EMZ Elektromotoren f\u00fcr Hochspannung und Niederspannung","description":"Spezialist f\u00fcr elektrische Antriebstechnik","publisher":{"@id":"https:\/\/www.emz.de\/fr\/#organization"},"alternateName":"EMZ","potentialAction":[{"@type":"SearchAction","target":{"@type":"EntryPoint","urlTemplate":"https:\/\/www.emz.de\/fr\/?s={search_term_string}"},"query-input":{"@type":"PropertyValueSpecification","valueRequired":true,"valueName":"search_term_string"}}],"inLanguage":"fr-FR"},{"@type":"Organization","@id":"https:\/\/www.emz.de\/fr\/#organization","name":"EMZ Elektro-Maschinen-Zentrale GmbH","alternateName":"EMZ","url":"https:\/\/www.emz.de\/fr\/","logo":{"@type":"ImageObject","inLanguage":"fr-FR","@id":"https:\/\/www.emz.de\/fr\/#\/schema\/logo\/image\/","url":"https:\/\/www.emz.de\/wp-content\/uploads\/2022\/07\/EMZ_Logo_RGB_mitClaim_Positiv_2-farbig_Hellblau-Dunkelblau.svg","contentUrl":"https:\/\/www.emz.de\/wp-content\/uploads\/2022\/07\/EMZ_Logo_RGB_mitClaim_Positiv_2-farbig_Hellblau-Dunkelblau.svg","width":"1024","height":"1024","caption":"EMZ Elektro-Maschinen-Zentrale GmbH"},"image":{"@id":"https:\/\/www.emz.de\/fr\/#\/schema\/logo\/image\/"},"sameAs":["https:\/\/www.facebook.com\/EMZdeutschland","https:\/\/www.linkedin.com\/company\/emz-elektro-maschinen-zentrale-gmbh\/?originalSubdomain=de","https:\/\/www.youtube.com\/channel\/UCajQ_5Xm-hS2H16Liwf5UAQ\/featured","https:\/\/www.xing.com\/pages\/emz-elektro-maschinen-zentrale-gmbh"]}]}},"_links":{"self":[{"href":"https:\/\/www.emz.de\/fr\/wp-json\/wp\/v2\/pages\/4802","targetHints":{"allow":["GET"]}}],"collection":[{"href":"https:\/\/www.emz.de\/fr\/wp-json\/wp\/v2\/pages"}],"about":[{"href":"https:\/\/www.emz.de\/fr\/wp-json\/wp\/v2\/types\/page"}],"author":[{"embeddable":true,"href":"https:\/\/www.emz.de\/fr\/wp-json\/wp\/v2\/users\/1"}],"replies":[{"embeddable":true,"href":"https:\/\/www.emz.de\/fr\/wp-json\/wp\/v2\/comments?post=4802"}],"version-history":[{"count":19,"href":"https:\/\/www.emz.de\/fr\/wp-json\/wp\/v2\/pages\/4802\/revisions"}],"predecessor-version":[{"id":9268,"href":"https:\/\/www.emz.de\/fr\/wp-json\/wp\/v2\/pages\/4802\/revisions\/9268"}],"up":[{"embeddable":true,"href":"https:\/\/www.emz.de\/fr\/wp-json\/wp\/v2\/pages\/5057"}],"wp:featuredmedia":[{"embeddable":true,"href":"https:\/\/www.emz.de\/fr\/wp-json\/wp\/v2\/media\/3893"}],"wp:attachment":[{"href":"https:\/\/www.emz.de\/fr\/wp-json\/wp\/v2\/media?parent=4802"}],"curies":[{"name":"wp","href":"https:\/\/api.w.org\/{rel}","templated":true}]}}