{"id":4814,"date":"2022-03-24T10:23:18","date_gmt":"2022-03-24T09:23:18","guid":{"rendered":"https:\/\/staging.emz.de\/produits\/basse-tension\/les-variateurs-de-vitesse-emk\/"},"modified":"2025-09-11T15:08:27","modified_gmt":"2025-09-11T13:08:27","slug":"les-variateurs-de-vitesse-emk","status":"publish","type":"page","link":"https:\/\/www.emz.de\/fr\/produits\/basse-tension\/les-variateurs-de-vitesse-emk\/","title":{"rendered":"Les variateurs de vitesse EMK"},"content":{"rendered":"<section class=\"l-section wpb_row us_custom_6c38848e height_medium\"><div class=\"l-section-h i-cf\"><div class=\"g-cols vc_row via_grid cols_1 laptops-cols_inherit tablets-cols_inherit mobiles-cols_1 valign_top type_default stacking_default\"><div class=\"wpb_column vc_column_container\"><div class=\"vc_column-inner\">[vc_custom_heading text=\u00a0\u00bbTYPES DE VARIATEURS DE VITESSE\u00a0\u00bb font_container=\u00a0\u00bbtag:p|text_align:left\u00a0\u00bb use_theme_fonts=\u00a0\u00bbyes\u00a0\u00bb css=\u00a0\u00bb%7B%22default%22%3A%7B%22color%22%3A%22_header_middle_text%22%2C%22font-size%22%3A%2240px%22%2C%22font-family%22%3A%22h2%22%2C%22font-weight%22%3A%22700%22%2C%22text-transform%22%3A%22uppercase%22%7D%7D\u00a0\u00bb][vc_custom_heading source=\u00a0\u00bbpost_title\u00a0\u00bb font_container=\u00a0\u00bbtag:h1|text_align:left\u00a0\u00bb use_theme_fonts=\u00a0\u00bbyes\u00a0\u00bb css=\u00a0\u00bb%7B%22default%22%3A%7B%22margin-top%22%3A%220px%22%2C%22margin-bottom%22%3A%220px%22%2C%22padding-top%22%3A%220px%22%7D%7D\u00a0\u00bb]<\/div><\/div><\/div><\/div><\/section><section class=\"l-section wpb_row us_custom_eac59c77 height_small\"><div class=\"l-section-h i-cf\"><div class=\"g-cols vc_row via_grid cols_2-1 laptops-cols_inherit tablets-cols_inherit mobiles-cols_1 valign_top type_default stacking_default\"><div class=\"wpb_column vc_column_container us_custom_e038e7e6\"><div class=\"vc_column-inner\"><div class=\"w-image us_custom_e038e7e6 align_center\"><div class=\"w-image-h\"><img decoding=\"async\" width=\"372\" height=\"898\" src=\"https:\/\/www.emz.de\/wp-content\/uploads\/2022\/11\/EMK-Frequenzumrichter-ECO-IP55-Size-5-LEFT_b2_c.png\" class=\"attachment-full size-full\" alt=\"EMK Frequenzumrichter ECO IP55\" loading=\"lazy\" srcset=\"https:\/\/www.emz.de\/wp-content\/uploads\/2022\/11\/EMK-Frequenzumrichter-ECO-IP55-Size-5-LEFT_b2_c.png 372w, https:\/\/www.emz.de\/wp-content\/uploads\/2022\/11\/EMK-Frequenzumrichter-ECO-IP55-Size-5-LEFT_b2_c-124x300.png 124w\" sizes=\"auto, (max-width: 372px) 100vw, 372px\" \/><\/div><\/div><\/div><\/div><div class=\"wpb_column vc_column_container us_custom_8d45c27c\"><div class=\"vc_column-inner\">[vc_custom_heading text=\u00a0\u00bbPLAGES DE PUISSANCE\u00a0\u00bb css=\u00a0\u00bb%7B%22default%22%3A%7B%22font-family%22%3A%22h5%22%2C%22font-weight%22%3A%22700%22%2C%22text-transform%22%3A%22uppercase%22%2C%22font-size%22%3A%2225px%22%2C%22padding-bottom%22%3A%2210px%22%7D%7D\u00a0\u00bb]<div class=\"w-counter color_secondary align_left animation_none\" data-duration=\"2\" style=\"--w-counter-duration: 2s;\"><div class=\"w-counter-value\" aria-label=\"37 kW\"><span class=\"w-counter-value-part final\" aria-hidden=\"true\">37 kW<\/span><span class=\"w-counter-value-part hidden type_text\" aria-hidden=\"true\" data-final><\/span><span class=\"w-counter-value-part hidden type_number\" aria-hidden=\"true\" data-final=\"37\">370<\/span><span class=\"w-counter-value-part hidden type_text\" aria-hidden=\"true\" data-final=\" kW\"> W<\/span><\/div><\/div><div class=\"wpb_text_column us_custom_bf2881af\"><div class=\"wpb_wrapper\"><p><strong>FIT E:<\/strong> 0,37 \u2013 37 kW dans les classes de protection IP20 et IP66<\/p>\n<\/div><\/div><div class=\"w-counter color_secondary align_left animation_none\" data-duration=\"3\" style=\"--w-counter-duration: 3s;\"><div class=\"w-counter-value\" aria-label=\"250 kW\"><span class=\"w-counter-value-part final\" aria-hidden=\"true\">250 kW<\/span><span class=\"w-counter-value-part hidden type_text\" aria-hidden=\"true\" data-final><\/span><span class=\"w-counter-value-part hidden type_number\" aria-hidden=\"true\" data-final=\"250\">0<\/span><span class=\"w-counter-value-part hidden type_text\" aria-hidden=\"true\" data-final=\" kW\"> kW<\/span><\/div><\/div><div class=\"wpb_text_column us_custom_bf2881af\"><div class=\"wpb_wrapper\"><p><strong>FIT P:<\/strong> 0,37 \u2013 250 kW dans les classes de protection IP20, IP55 et IP66<\/p>\n<\/div><\/div><div class=\"w-counter color_secondary align_left animation_none\" data-duration=\"3\" style=\"--w-counter-duration: 3s;\"><div class=\"w-counter-value\" aria-label=\"250 kW\"><span class=\"w-counter-value-part final\" aria-hidden=\"true\">250 kW<\/span><span class=\"w-counter-value-part hidden type_text\" aria-hidden=\"true\" data-final><\/span><span class=\"w-counter-value-part hidden type_number\" aria-hidden=\"true\" data-final=\"250\">0<\/span><span class=\"w-counter-value-part hidden type_text\" aria-hidden=\"true\" data-final=\" kW\"> kW<\/span><\/div><\/div><div class=\"wpb_text_column us_custom_4edece6e\"><div class=\"wpb_wrapper\"><p><strong>FIT HVAC:<\/strong> 0,37 \u2013 250 kW dans les classes de protection IP20, IP55 et IP66<\/p>\n<\/div><\/div><\/div><\/div><\/div><\/div><\/section><section class=\"l-section wpb_row us_custom_eac59c77 height_small\"><div class=\"l-section-h i-cf\"><div class=\"g-cols vc_row via_grid cols_1 laptops-cols_inherit tablets-cols_inherit mobiles-cols_1 valign_top type_default stacking_default\"><div class=\"wpb_column vc_column_container\"><div class=\"vc_column-inner\"><div class=\"g-cols wpb_row us_custom_2b7e9e3a via_grid cols_2-1 laptops-cols_inherit tablets-cols_inherit mobiles-cols_1 valign_middle type_default stacking_default\" style=\"--columns-gap:3rem;\"><div class=\"wpb_column vc_column_container\"><div class=\"vc_column-inner\"><p class=\"w-itext us_custom_b326e87a has_text_color type_fadeIn align_left dynamic_bold\" style=\"--itext-dynamic-color:var(--color-header-middle-text-hover);--itext-transition-duration:0.15s;--itext-timing-function:cubic-bezier(.86,0,.07,1);\" onclick='return {&quot;duration&quot;:150,&quot;delay&quot;:3000}'><span class=\"w-itext-part\"><span class=\"w-itext-state state-0 is-active\">Modifi&eacute;s...<\/span><span class=\"w-itext-state state-1\">Modifi&eacute;s...<\/span><span class=\"w-itext-state state-2\">Disponibles en stock sp&eacute;cialement pour vous<\/span><\/span><\/p><\/div><\/div><div class=\"wpb_column vc_column_container\"><div class=\"vc_column-inner\"><div class=\"w-btn-wrapper align_none\"><a class=\"w-btn us-btn-style_2 icon_atleft\" href=\"https:\/\/shop.emz.de\/jsp\/epctrl.jsp?pri=emz&amp;mod=emz000034&amp;mod=emz000034&amp;pB_Pin=PinWebshop&amp;pB_Event=InitSearch&amp;groupId=3&amp;activeLink=menuEntry_FU&amp;newSearch=true\"><i class=\"fas fa-dolly\"><\/i><span class=\"w-btn-label\">Commander des convertisseurs de fr\u00e9quence EMK<\/span><\/a><\/div><\/div><\/div><\/div><\/div><\/div><\/div><\/div><\/section><section class=\"l-section wpb_row us_custom_67e962aa height_medium\"><div class=\"l-section-h i-cf\"><div class=\"g-cols vc_row via_grid cols_1-2 laptops-cols_inherit tablets-cols_inherit mobiles-cols_1 valign_top type_default stacking_default\"><div class=\"wpb_column vc_column_container\"><div class=\"vc_column-inner\">[vc_custom_heading text=\u00a0\u00bbChamp d&rsquo;application\u00a0\u00bb font_container=\u00a0\u00bbtag:h3|text_align:left\u00a0\u00bb use_theme_fonts=\u00a0\u00bbyes\u00a0\u00bb css=\u00a0\u00bb%7B%22default%22%3A%7B%22font-size%22%3A%2240px%22%7D%7D\u00a0\u00bb]<\/div><\/div><div class=\"wpb_column vc_column_container\"><div class=\"vc_column-inner\"><div class=\"wpb_text_column\"><div class=\"wpb_wrapper\"><p>La th\u00e9matique des <a href=\"#Energieeinsparung-Frequenzumrichter\"><strong>\u00e9conomies d&rsquo;\u00e9nergie<\/strong><\/a> prend de plus en plus d&rsquo;importance. Les meilleures optimisations sont g\u00e9n\u00e9ralement obtenues gr\u00e2ce \u00e0 l&rsquo;utilisation d&rsquo;un variateur. Nous avons donc d\u00e9cid\u00e9 de compl\u00e9ter la gamme de produits EMK par des variateurs de vitesse.<\/p>\n<p>Afin de r\u00e9ussir l&rsquo;introduction de ce produit sur le march\u00e9, nous l&rsquo;avons con\u00e7u dans le respect de notre devise : <strong>un niveau de qualit\u00e9 \u00e9lev\u00e9 et des conditions d&rsquo;achat abordables.<\/strong><\/p>\n<\/div><\/div><\/div><\/div><\/div><\/div><\/section><section class=\"l-section wpb_row us_custom_eac59c77 height_medium\"><div class=\"l-section-h i-cf\"><div class=\"g-cols vc_row via_grid cols_3 laptops-cols_inherit tablets-cols_inherit mobiles-cols_1 valign_top type_default stacking_default\" style=\"--columns-gap:1.5rem;\"><div class=\"wpb_column vc_column_container us_custom_0ad93657 has_bg_color\"><div class=\"vc_column-inner\">[vc_custom_heading text=\u00a0\u00bbLA S\u00c9RIE DES<br \/>\nVARIATEURS UNIVERSELS\u00a0\u00bb font_container=\u00a0\u00bbtag:p|text_align:left\u00a0\u00bb use_theme_fonts=\u00a0\u00bbyes\u00a0\u00bb css=\u00a0\u00bb%7B%22default%22%3A%7B%22font-size%22%3A%2218px%22%2C%22font-family%22%3A%22h5%22%2C%22font-weight%22%3A%22700%22%2C%22text-transform%22%3A%22uppercase%22%7D%7D\u00a0\u00bb]<div class=\"w-image align_center\"><div class=\"w-image-h\"><img decoding=\"async\" width=\"300\" height=\"300\" src=\"https:\/\/www.emz.de\/wp-content\/uploads\/2022\/11\/EMK-Frequenzumrichter-FIT-E-300x300.jpg\" class=\"attachment-medium size-medium\" alt=\"EMK Frequenzumrichter FIT E\" loading=\"lazy\" srcset=\"https:\/\/www.emz.de\/wp-content\/uploads\/2022\/11\/EMK-Frequenzumrichter-FIT-E-300x300.jpg 300w, https:\/\/www.emz.de\/wp-content\/uploads\/2022\/11\/EMK-Frequenzumrichter-FIT-E-150x150.jpg 150w, https:\/\/www.emz.de\/wp-content\/uploads\/2022\/11\/EMK-Frequenzumrichter-FIT-E.jpg 600w\" sizes=\"auto, (max-width: 300px) 100vw, 300px\" \/><\/div><\/div><div class=\"w-separator size_small\"><\/div>[vc_custom_heading text=\u00a0\u00bbFIT E\u00a0\u00bb font_container=\u00a0\u00bbtag:h4|text_align:left\u00a0\u00bb use_theme_fonts=\u00a0\u00bbyes\u00a0\u00bb css=\u00a0\u00bb%7B%22default%22%3A%7B%22color%22%3A%22_header_top_text%22%2C%22font-size%22%3A%2235px%22%2C%22padding-top%22%3A%2210px%22%7D%7D\u00a0\u00bb]<div class=\"wpb_text_column\"><div class=\"wpb_wrapper\"><p>La s\u00e9rie des variateurs universels FIT E combine une technologie innovante, la fiabilit\u00e9, la robustesse et la convivialit\u00e9, le tout dans une gamme de bo\u00eetiers compacts IP20 et IP66.<\/p>\n<\/div><\/div><div class=\"w-btn-wrapper align_justify\"><a class=\"w-btn us-btn-style_1 us_custom_0f8f44b7\" href=\"https:\/\/www.emz.de\/wp-content\/uploads\/2025\/01\/E3-IP20-User-Guide-V1.04.04-FRENCH.pdf\"><span class=\"w-btn-label\">Manuel de l\u2019utilisateur Fit E IP20<\/span><\/a><\/div><div class=\"w-btn-wrapper align_justify\"><a class=\"w-btn us-btn-style_1 us_custom_0f8f44b7\" href=\"https:\/\/www.emz.de\/wp-content\/uploads\/2025\/01\/E3-IP66-Outdoor-User-Guide-V1.26.03-FRENCH.pdf\"><span class=\"w-btn-label\">Manuel de l\u2019utilisateur FIT E IP66<\/span><\/a><\/div><div class=\"w-separator size_small\"><\/div><div class=\"wpb_text_column\"><div class=\"wpb_wrapper\"><p><strong>Avantages de la s\u00e9rie FIT E :<\/strong><\/p>\n<p>\u2022 Bo\u00eetiers compacts ;<\/p>\n<p>\u2022 Mise en service facile ;<\/p>\n<p>\u2022 R\u00e9sistance de freinage compacte et int\u00e9gr\u00e9e.<\/p>\n<\/div><\/div><\/div><\/div><div class=\"wpb_column vc_column_container us_custom_0ad93657 has_bg_color\"><div class=\"vc_column-inner\">[vc_custom_heading text=\u00a0\u00bbLA S\u00c9RIE D\u00c9DI\u00c9E AUX APPLICATIONS EXIGEANTES\u00a0\u00bb font_container=\u00a0\u00bbtag:p|text_align:left\u00a0\u00bb use_theme_fonts=\u00a0\u00bbyes\u00a0\u00bb css=\u00a0\u00bb%7B%22default%22%3A%7B%22font-weight%22%3A%22700%22%2C%22text-transform%22%3A%22uppercase%22%2C%22font-size%22%3A%2218px%22%7D%7D\u00a0\u00bb]<div class=\"w-image align_center\"><div class=\"w-image-h\"><img decoding=\"async\" width=\"300\" height=\"300\" src=\"https:\/\/www.emz.de\/wp-content\/uploads\/2022\/11\/EMK-Frequenzumrichter-FIT-P-300x300.jpg\" class=\"attachment-medium size-medium\" alt=\"EMK Frequenzumrichter FIT P\" loading=\"lazy\" srcset=\"https:\/\/www.emz.de\/wp-content\/uploads\/2022\/11\/EMK-Frequenzumrichter-FIT-P-300x300.jpg 300w, https:\/\/www.emz.de\/wp-content\/uploads\/2022\/11\/EMK-Frequenzumrichter-FIT-P-150x150.jpg 150w, https:\/\/www.emz.de\/wp-content\/uploads\/2022\/11\/EMK-Frequenzumrichter-FIT-P.jpg 600w\" sizes=\"auto, (max-width: 300px) 100vw, 300px\" \/><\/div><\/div><div class=\"w-separator size_small\"><\/div>[vc_custom_heading text=\u00a0\u00bbFIT P\u00a0\u00bb font_container=\u00a0\u00bbtag:h4|text_align:left\u00a0\u00bb use_theme_fonts=\u00a0\u00bbyes\u00a0\u00bb css=\u00a0\u00bb%7B%22default%22%3A%7B%22color%22%3A%22_header_middle_text_hover%22%2C%22font-size%22%3A%2235px%22%2C%22padding-top%22%3A%2210px%22%7D%7D\u00a0\u00bb]<div class=\"wpb_text_column\"><div class=\"wpb_wrapper\"><p>La s\u00e9rie de variateurs FIT P offre une combinaison parfaite de performances et de convivialit\u00e9, afin que m\u00eame les applications les plus exigeantes puissent \u00eatre abord\u00e9es en toute simplicit\u00e9. MODE D&rsquo;EMPLOI<\/p>\n<\/div><\/div><div class=\"w-btn-wrapper align_justify\"><a class=\"w-btn us-btn-style_1 us_custom_0f8f44b7\" href=\"https:\/\/www.emz.de\/wp-content\/uploads\/2025\/09\/FIT-P-Betriebsanleitung_FR.pdf\"><span class=\"w-btn-label\">Manuel de l\u2019utilisateur<\/span><\/a><\/div><div class=\"w-separator size_small\"><\/div><div class=\"wpb_text_column\"><div class=\"wpb_wrapper\"><p><strong>Avantages de la s\u00e9rie FIT P :<\/strong><\/p>\n<p>\u2022 Fonctionne \u00e0 basse temp\u00e9rature ambiante (-10 \u00b0C) ;<\/p>\n<p>\u2022 Mode de levage sp\u00e9cial ;<\/p>\n<p>\u2022 CAN et Modbus RTU en standard.<\/p>\n<\/div><\/div><\/div><\/div><div class=\"wpb_column vc_column_container us_custom_4a46af6a has_bg_color\"><div class=\"vc_column-inner\">[vc_custom_heading text=\u00a0\u00bbLA S\u00c9RIE DE COMMANDES DE VENTILATEURS ET DE POMPES \u00c0 HAUTE EFFICACIT\u00c9 \u00c9NERG\u00c9TIQUE\u00a0\u00bb font_container=\u00a0\u00bbtag:p|text_align:left\u00a0\u00bb use_theme_fonts=\u00a0\u00bbyes\u00a0\u00bb css=\u00a0\u00bb%7B%22default%22%3A%7B%22font-family%22%3A%22h5%22%2C%22font-weight%22%3A%22700%22%2C%22text-transform%22%3A%22uppercase%22%2C%22font-size%22%3A%2218px%22%7D%7D\u00a0\u00bb]<div class=\"w-image align_center\"><div class=\"w-image-h\"><img decoding=\"async\" width=\"300\" height=\"300\" src=\"https:\/\/www.emz.de\/wp-content\/uploads\/2022\/11\/EMK-Frequenzumrichter-FIT-H-300x300.jpg\" class=\"attachment-medium size-medium\" alt=\"EMK Frequenzumrichter FIT H\" loading=\"lazy\" srcset=\"https:\/\/www.emz.de\/wp-content\/uploads\/2022\/11\/EMK-Frequenzumrichter-FIT-H-300x300.jpg 300w, https:\/\/www.emz.de\/wp-content\/uploads\/2022\/11\/EMK-Frequenzumrichter-FIT-H-150x150.jpg 150w, https:\/\/www.emz.de\/wp-content\/uploads\/2022\/11\/EMK-Frequenzumrichter-FIT-H.jpg 600w\" sizes=\"auto, (max-width: 300px) 100vw, 300px\" \/><\/div><\/div><div class=\"w-separator size_small\"><\/div>[vc_custom_heading text=\u00a0\u00bbFIT H\u00a0\u00bb font_container=\u00a0\u00bbtag:h4|text_align:left\u00a0\u00bb use_theme_fonts=\u00a0\u00bbyes\u00a0\u00bb css=\u00a0\u00bb%7B%22default%22%3A%7B%22color%22%3A%22_header_middle_text_hover%22%2C%22font-size%22%3A%2235px%22%2C%22padding-top%22%3A%2210px%22%7D%7D\u00a0\u00bb]<div class=\"wpb_text_column\"><div class=\"wpb_wrapper\"><p>Cette s\u00e9rie de variateurs est sp\u00e9cialement adapt\u00e9e aux usages avec ventilateurs centrifuges et pompes. Avec sa r\u00e9gulation de vitesse variable, elle permet de r\u00e9aliser des \u00e9conomies d&rsquo;\u00e9nergie imm\u00e9diates lors des p\u00e9riodes o\u00f9 un d\u00e9bit maximal ne s&rsquo;av\u00e8re pas n\u00e9cessaire.<\/p>\n<\/div><\/div><div class=\"w-separator size_small\"><\/div><div class=\"wpb_text_column\"><div class=\"wpb_wrapper\"><p><strong>Les avantages de la s\u00e9rie FIT H :<\/strong><\/p>\n<p>\u2022 Son mode \u00ab Fire Override \u00bb garantit le d\u00e9senfumage des b\u00e2timents en cas d&rsquo;incendie ;<\/p>\n<p>\u2022 Ses fonctions de sommeil et de r\u00e9veil int\u00e9gr\u00e9es assurent un fonctionnement uniquement en cas de besoin ;<\/p>\n<p>\u2022 Une surveillance du courant\/de la vitesse de rotation pour pouvoir signaler imm\u00e9diatement les courroies d\u00e9fectueuses.<\/p>\n<\/div><\/div><\/div><\/div><\/div><\/div><\/section><section class=\"l-section wpb_row us_custom_eac59c77 height_medium\"><div class=\"l-section-h i-cf\"><div class=\"g-cols vc_row via_grid cols_1-2 laptops-cols_inherit tablets-cols_inherit mobiles-cols_1 valign_top type_default stacking_default\"><div class=\"wpb_column vc_column_container\"><div class=\"vc_column-inner\">[vc_custom_heading text=\u00a0\u00bbSp\u00e9cificit\u00e9s des variateurs de vitesse EMK\u00a0\u00bb font_container=\u00a0\u00bbtag:h3|text_align:left\u00a0\u00bb use_theme_fonts=\u00a0\u00bbyes\u00a0\u00bb css=\u00a0\u00bb%7B%22default%22%3A%7B%22font-size%22%3A%2240px%22%7D%7D\u00a0\u00bb]<\/div><\/div><div class=\"wpb_column vc_column_container\"><div class=\"vc_column-inner\"><div class=\"g-cols wpb_row via_grid cols_2 laptops-cols_inherit tablets-cols_inherit mobiles-cols_1 valign_bottom type_default stacking_default\" style=\"--columns-gap:3rem;\"><div class=\"wpb_column vc_column_container\"><div class=\"vc_column-inner\"><div class=\"w-iconbox us_custom_33fe73d0 iconpos_left style_default color_secondary align_left no_title\"><div class=\"w-iconbox-icon\" style=\"font-size:2rem;\"><i class=\"fas fa-desktop\"><\/i><\/div><div class=\"w-iconbox-meta\"><div class=\"w-iconbox-text\"><p>Facile \u00e0 utiliser : l&rsquo;installation, la mise en service et le fonctionnement des variateurs sont tr\u00e8s simples gr\u00e2ce \u00e0 une interface utilisateur bien pens\u00e9e<\/p>\n<\/div><\/div><\/div><div class=\"w-separator us_custom_33fe73d0 size_small with_line width_default thick_2 style_solid color_secondary align_center\"><div class=\"w-separator-h\"><\/div><\/div><div class=\"w-iconbox us_custom_33fe73d0 iconpos_left style_default color_secondary align_left no_title\"><div class=\"w-iconbox-icon\" style=\"font-size:2rem;\"><i class=\"fas fa-industry\"><\/i><\/div><div class=\"w-iconbox-meta\"><div class=\"w-iconbox-text\"><p>Made in Europe <strong>:<\/strong> les variateurs sont fabriqu\u00e9s en Europe de l&rsquo;Ouest<\/p>\n<\/div><\/div><\/div><div class=\"w-separator us_custom_33fe73d0 size_small with_line width_default thick_2 style_solid color_secondary align_center\"><div class=\"w-separator-h\"><\/div><\/div><div class=\"w-iconbox us_custom_33fe73d0 iconpos_left style_default color_secondary align_left no_title\"><div class=\"w-iconbox-icon\" style=\"font-size:2rem;\"><i class=\"fas fa-fist-raised\"><\/i><\/div><div class=\"w-iconbox-meta\"><div class=\"w-iconbox-text\"><p>Robustes et fiables<\/p>\n<\/div><\/div><\/div><div class=\"w-separator us_custom_33fe73d0 size_small with_line width_default thick_2 style_solid color_secondary align_center\"><div class=\"w-separator-h\"><\/div><\/div><div class=\"w-iconbox us_custom_33fe73d0 iconpos_left style_default color_secondary align_left no_title\"><div class=\"w-iconbox-icon\" style=\"font-size:2rem;\"><i class=\"fas fa-sliders-h\"><\/i><\/div><div class=\"w-iconbox-meta\"><div class=\"w-iconbox-text\"><p>Souplesse d&rsquo;utilisation : couple r\u00e9sistant constant ou quadratique<\/p>\n<\/div><\/div><\/div><\/div><\/div><div class=\"wpb_column vc_column_container\"><div class=\"vc_column-inner\"><div class=\"w-iconbox us_custom_33fe73d0 iconpos_left style_default color_secondary align_left no_title\"><div class=\"w-iconbox-icon\" style=\"font-size:2rem;\"><i class=\"fas fa-truck\"><\/i><\/div><div class=\"w-iconbox-meta\"><div class=\"w-iconbox-text\"><p>Fabrication en urgence possible si le stock est insuffisant<\/p>\n<\/div><\/div><\/div><div class=\"w-separator us_custom_33fe73d0 size_small with_line width_default thick_2 style_solid color_secondary align_center\"><div class=\"w-separator-h\"><\/div><\/div><div class=\"w-iconbox us_custom_33fe73d0 iconpos_left style_default color_secondary align_left no_title\"><div class=\"w-iconbox-icon\" style=\"font-size:2rem;\"><i class=\"fas fa-download\"><\/i><\/div><div class=\"w-iconbox-meta\"><div class=\"w-iconbox-text\"><p>Logiciel : logiciel de param\u00e9trage et de mise en service gratuit<\/p>\n<\/div><\/div><\/div><div class=\"w-separator us_custom_33fe73d0 size_small with_line width_default thick_2 style_solid color_secondary align_center\"><div class=\"w-separator-h\"><\/div><\/div><div class=\"w-iconbox us_custom_33fe73d0 iconpos_left style_default color_secondary align_left no_title\"><div class=\"w-iconbox-icon\" style=\"font-size:2rem;\"><i class=\"fas fa-tint\"><\/i><\/div><div class=\"w-iconbox-meta\"><div class=\"w-iconbox-text\"><p>Pas besoin d&rsquo;armoire de commande : en option avec un indice de protection \u00e9lev\u00e9 (IP55 ou IP66) pour les applications autonomes<\/p>\n<\/div><\/div><\/div><div class=\"w-separator us_custom_33fe73d0 size_small with_line width_default thick_2 style_solid color_secondary align_center\"><div class=\"w-separator-h\"><\/div><\/div><div class=\"w-iconbox us_custom_33fe73d0 iconpos_left style_default color_secondary align_left no_title\"><div class=\"w-iconbox-icon\" style=\"font-size:2rem;\"><i class=\"fas fa-th\"><\/i><\/div><div class=\"w-iconbox-meta\"><div class=\"w-iconbox-text\"><p>De nombreux accessoires pour vos applications individuelles<\/p>\n<\/div><\/div><\/div><\/div><\/div><\/div><\/div><\/div><\/div><\/div><\/section><section class=\"l-section wpb_row height_auto\" id=\"Convertisseur de fr\u00e9quence \u00e0 \u00e9conomie d&#039;\u00e9nergie\"><div class=\"l-section-overlay\" style=\"background:var(--color-chrome-toolbar)\"><\/div><div class=\"l-section-h i-cf\"><div class=\"g-cols vc_row via_grid cols_1 laptops-cols_inherit tablets-cols_inherit mobiles-cols_1 valign_top type_default stacking_default\"><div class=\"wpb_column vc_column_container\"><div class=\"vc_column-inner\"><div class=\"g-cols wpb_row us_custom_9f77f52c via_grid cols_3 laptops-cols_inherit tablets-cols_inherit mobiles-cols_1 valign_top type_default stacking_default\" style=\"--columns-gap:;\"><div class=\"wpb_column vc_column_container\"><div class=\"vc_column-inner\">[vc_custom_heading text=\u00a0\u00bbExemple d&rsquo;\u00e9conomie d&rsquo;\u00e9nergie\u00a0\u00bb font_container=\u00a0\u00bbtag:h4|text_align:left\u00a0\u00bb use_theme_fonts=\u00a0\u00bbyes\u00a0\u00bb css=\u00a0\u00bb%7B%22default%22%3A%7B%22color%22%3A%22_header_middle_bg%22%2C%22font-size%22%3A%2240px%22%7D%7D\u00a0\u00bb]<\/div><\/div><div class=\"wpb_column vc_column_container\"><div class=\"vc_column-inner\"><div class=\"wpb_text_column us_custom_6df4bc3a has_text_color\"><div class=\"wpb_wrapper\"><p>Avec une r\u00e9gulation de vitesse variable, le FIT HVAC offre par exemple des \u00e9conomies imm\u00e9diates.<\/p>\n<\/div><\/div><div class=\"w-separator size_small\"><\/div><div class=\"w-image us_custom_6e5f0bcd has_height align_none\"><div class=\"w-image-h\"><img decoding=\"async\" width=\"1946\" height=\"1020\" src=\"https:\/\/www.emz.de\/wp-content\/uploads\/2022\/09\/Nenndurchfluss-Stromverbrauch-Frequenzumrichter-transparent.png\" class=\"attachment-full size-full\" alt=\"\" loading=\"lazy\" srcset=\"https:\/\/www.emz.de\/wp-content\/uploads\/2022\/09\/Nenndurchfluss-Stromverbrauch-Frequenzumrichter-transparent.png 1946w, https:\/\/www.emz.de\/wp-content\/uploads\/2022\/09\/Nenndurchfluss-Stromverbrauch-Frequenzumrichter-transparent-300x157.png 300w, https:\/\/www.emz.de\/wp-content\/uploads\/2022\/09\/Nenndurchfluss-Stromverbrauch-Frequenzumrichter-transparent-1024x537.png 1024w\" sizes=\"auto, (max-width: 1946px) 100vw, 1946px\" \/><\/div><\/div><div class=\"w-separator size_small\"><\/div><div class=\"wpb_text_column us_custom_6df4bc3a has_text_color\"><div class=\"wpb_wrapper\"><p>Exemple d&rsquo;\u00e9conomies \u2013 bas\u00e9 sur une charge de 45 kW<\/p>\n<\/div><\/div><div class=\"w-separator size_small\"><\/div><div class=\"w-image us_custom_6e5f0bcd has_height align_none\"><div class=\"w-image-h\"><img decoding=\"async\" width=\"811\" height=\"447\" src=\"https:\/\/www.emz.de\/wp-content\/uploads\/2022\/09\/Amortisation-Beispiel-Energieeinsparung-Elektromotoren-transparent.png\" class=\"attachment-full size-full\" alt=\"\" loading=\"lazy\" srcset=\"https:\/\/www.emz.de\/wp-content\/uploads\/2022\/09\/Amortisation-Beispiel-Energieeinsparung-Elektromotoren-transparent.png 811w, https:\/\/www.emz.de\/wp-content\/uploads\/2022\/09\/Amortisation-Beispiel-Energieeinsparung-Elektromotoren-transparent-300x165.png 300w\" sizes=\"auto, (max-width: 811px) 100vw, 811px\" \/><\/div><\/div><\/div><\/div><div class=\"wpb_column vc_column_container\"><div class=\"vc_column-inner\"><div class=\"wpb_text_column us_custom_6df4bc3a has_text_color\"><div class=\"wpb_wrapper\"><p>R\u00e9duire la vitesse des ventilateurs avec le FIT HVAC, c&rsquo;est r\u00e9aliser les plus grandes \u00e9conomies d&rsquo;\u00e9nergie possibles lors des p\u00e9riodes o\u00f9 une puissance maximale n&rsquo;est pas requise. Une r\u00e9duction de 20 % de la vitesse de rotation peut <span style=\"color: #143d5e;\"><strong>r\u00e9duire la consommation d&rsquo;\u00e9nergie jusqu&rsquo;\u00e0 50 %<\/strong><\/span>. Le calcul ci-dessus illustre la p\u00e9riode d&rsquo;amortissement typique qui peut \u00eatre obtenue en installant le FIT HVAC pour r\u00e9duire la vitesse de charge et la consommation d&rsquo;\u00e9nergie.<\/p>\n<\/div><\/div><\/div><\/div><\/div><\/div><\/div><\/div><\/div><\/section><section class=\"l-section wpb_row us_custom_59a65f4f height_auto\"><div class=\"l-section-h i-cf\"><div class=\"g-cols vc_row via_grid cols_1 laptops-cols_inherit tablets-cols_inherit mobiles-cols_1 valign_top type_default stacking_default\"><div class=\"wpb_column vc_column_container\"><div class=\"vc_column-inner\">[vc_custom_heading text=\u00a0\u00bbLes solutions sp\u00e9ciales\u00a0\u00bb font_container=\u00a0\u00bbtag:h3|text_align:left\u00a0\u00bb use_theme_fonts=\u00a0\u00bbyes\u00a0\u00bb]<div class=\"wpb_text_column\"><div class=\"wpb_wrapper\"><p>L&rsquo;une de nos forces r\u00e9side dans les constructions personnalis\u00e9es, qui sont fabriqu\u00e9es sur commande pour votre application d\u2019entra\u00eenement individuelle. Nous r\u00e9alisons aussi bien des adaptations m\u00e9caniques que des conceptions \u00e9lectriques sur mesure.<\/p>\n<\/div><\/div><\/div><\/div><\/div><\/div><\/section><section class=\"l-section wpb_row us_custom_eac59c77 height_small\"><div class=\"l-section-h i-cf\"><div class=\"g-cols vc_row via_grid cols_1 laptops-cols_inherit tablets-cols_inherit mobiles-cols_1 valign_top type_default stacking_default\"><div class=\"wpb_column vc_column_container\"><div class=\"vc_column-inner\"><div class=\"g-cols wpb_row us_custom_2b7e9e3a via_grid cols_2-1 laptops-cols_inherit tablets-cols_inherit mobiles-cols_1 valign_middle type_default stacking_default\" style=\"--columns-gap:3rem;\"><div class=\"wpb_column vc_column_container\"><div class=\"vc_column-inner\"><p class=\"w-itext us_custom_b326e87a has_text_color type_fadeIn align_left dynamic_bold\" style=\"--itext-dynamic-color:var(--color-header-middle-text-hover);--itext-transition-duration:0.15s;--itext-timing-function:cubic-bezier(.86,0,.07,1);\" onclick='return {&quot;duration&quot;:150,&quot;delay&quot;:3000}'><span class=\"w-itext-part\"><span class=\"w-itext-state state-0 is-active\">Modifi&eacute;s...<\/span><span class=\"w-itext-state state-1\">Modifi&eacute;s...<\/span><span class=\"w-itext-state state-2\">Disponibles en stock sp&eacute;cialement pour vous<\/span><\/span><\/p><\/div><\/div><div class=\"wpb_column vc_column_container\"><div class=\"vc_column-inner\"><div class=\"w-btn-wrapper align_none\"><a class=\"w-btn us-btn-style_2 icon_atleft\" href=\"https:\/\/shop.emz.de\/jsp\/epctrl.jsp?pri=emz&amp;mod=emz000034&amp;mod=emz000034&amp;pB_Pin=PinWebshop&amp;pB_Event=InitSearch&amp;groupId=3&amp;activeLink=menuEntry_FU&amp;newSearch=true\"><i class=\"fas fa-dolly\"><\/i><span class=\"w-btn-label\">Commander des convertisseurs de fr\u00e9quence EMK<\/span><\/a><\/div><\/div><\/div><\/div><div class=\"w-separator us_custom_33fe73d0 size_small with_line width_default thick_2 style_solid color_secondary align_center\"><div class=\"w-separator-h\"><\/div><\/div><\/div><\/div><\/div><\/div><\/section><section class=\"l-section wpb_row height_medium\" id=\"Tension d&#039;alimentation AP\"><div class=\"l-section-h i-cf\"><div class=\"g-cols vc_row via_grid cols_1 laptops-cols_inherit tablets-cols_inherit mobiles-cols_1 valign_top type_default stacking_default\"><div class=\"wpb_column vc_column_container\"><div class=\"vc_column-inner\">[vc_custom_heading text=\u00a0\u00bbPersonne de contact pour la basse tension\u00a0\u00bb font_container=\u00a0\u00bbtag:h3|text_align:left\u00a0\u00bb use_theme_fonts=\u00a0\u00bbyes\u00a0\u00bb]<div class=\"w-separator size_medium\"><\/div><div class=\"g-cols wpb_row via_grid cols_4 laptops-cols_inherit tablets-cols_inherit mobiles-cols_1 valign_top type_default stacking_default\" style=\"--columns-gap:3rem;\"><div class=\"wpb_column vc_column_container\"><div class=\"vc_column-inner\"><div class=\"w-person us_custom_1b84a947 has_text_color layout_circle with_desc\" itemscope itemtype=\"https:\/\/schema.org\/Person\"><div class=\"w-person-image\"><img loading=\"lazy\" decoding=\"async\" width=\"800\" height=\"800\" src=\"https:\/\/www.emz.de\/wp-content\/uploads\/2022\/08\/220808_EMZ-Nachshooting_Kevin_Wagner.jpg\" class=\"attachment-large size-large\" alt=\"\" itemprop=\"image\" srcset=\"https:\/\/www.emz.de\/wp-content\/uploads\/2022\/08\/220808_EMZ-Nachshooting_Kevin_Wagner.jpg 800w, https:\/\/www.emz.de\/wp-content\/uploads\/2022\/08\/220808_EMZ-Nachshooting_Kevin_Wagner-300x300.jpg 300w, https:\/\/www.emz.de\/wp-content\/uploads\/2022\/08\/220808_EMZ-Nachshooting_Kevin_Wagner-150x150.jpg 150w\" sizes=\"auto, (max-width: 800px) 100vw, 800px\" \/><\/div><div class=\"w-person-content\"><h4 itemprop=\"name\" class=\"w-person-name\"><span>Kevin Wagner M.Sc.<\/span><\/h4><div class=\"w-person-role\" itemprop=\"jobTitle\">Direction des ventes<\/div><div class=\"w-person-description\" itemprop=\"description\"><p><a href=\"tel:+492361690919\">T\u00e9l\u00e9phoner : +49 2361-6909-19<\/a><\/p>\n<\/div><\/div><\/div><div class=\"w-separator size_small\"><\/div><\/div><\/div><div class=\"wpb_column vc_column_container\"><div class=\"vc_column-inner\"><div class=\"w-person us_custom_1b84a947 has_text_color layout_circle with_desc\" itemscope itemtype=\"https:\/\/schema.org\/Person\"><div class=\"w-person-image\"><img loading=\"lazy\" decoding=\"async\" width=\"800\" height=\"800\" src=\"https:\/\/www.emz.de\/wp-content\/uploads\/2022\/08\/220407_EMZ-Shooting_Christian_Bauch.jpg\" class=\"attachment-large size-large\" alt=\"\" itemprop=\"image\" srcset=\"https:\/\/www.emz.de\/wp-content\/uploads\/2022\/08\/220407_EMZ-Shooting_Christian_Bauch.jpg 800w, https:\/\/www.emz.de\/wp-content\/uploads\/2022\/08\/220407_EMZ-Shooting_Christian_Bauch-300x300.jpg 300w, https:\/\/www.emz.de\/wp-content\/uploads\/2022\/08\/220407_EMZ-Shooting_Christian_Bauch-150x150.jpg 150w\" sizes=\"auto, (max-width: 800px) 100vw, 800px\" \/><\/div><div class=\"w-person-content\"><h4 itemprop=\"name\" class=\"w-person-name\"><span>Christian Bauch<\/span><\/h4><div class=\"w-person-role\" itemprop=\"jobTitle\">Etat technicien certifi\u00e9<\/div><div class=\"w-person-description\" itemprop=\"description\"><p><a href=\"tel:+492361690939\">T\u00e9l\u00e9phoner : +49 2361-6909-39<\/a><\/p>\n<\/div><\/div><\/div><div class=\"w-separator size_small\"><\/div><\/div><\/div><div class=\"wpb_column vc_column_container\"><div class=\"vc_column-inner\"><div class=\"w-person us_custom_1b84a947 has_text_color layout_circle with_desc\" itemscope itemtype=\"https:\/\/schema.org\/Person\"><div class=\"w-person-image\"><img loading=\"lazy\" decoding=\"async\" width=\"800\" height=\"800\" src=\"https:\/\/www.emz.de\/wp-content\/uploads\/2022\/08\/220407_EMZ-Shooting_Wobedo_Ines.jpg\" class=\"attachment-large size-large\" alt=\"\" itemprop=\"image\" srcset=\"https:\/\/www.emz.de\/wp-content\/uploads\/2022\/08\/220407_EMZ-Shooting_Wobedo_Ines.jpg 800w, https:\/\/www.emz.de\/wp-content\/uploads\/2022\/08\/220407_EMZ-Shooting_Wobedo_Ines-300x300.jpg 300w, https:\/\/www.emz.de\/wp-content\/uploads\/2022\/08\/220407_EMZ-Shooting_Wobedo_Ines-150x150.jpg 150w\" sizes=\"auto, (max-width: 800px) 100vw, 800px\" \/><\/div><div class=\"w-person-content\"><h4 itemprop=\"name\" class=\"w-person-name\"><span>Ines Wobedo<\/span><\/h4><div class=\"w-person-role\" itemprop=\"jobTitle\">Distribution<\/div><div class=\"w-person-description\" itemprop=\"description\"><p><a href=\"tel:+492361690941\">T\u00e9l\u00e9phoner : +49 2361-6909-41<\/a><\/p>\n<\/div><\/div><\/div><div class=\"w-separator size_small\"><\/div><\/div><\/div><div class=\"wpb_column vc_column_container\"><div class=\"vc_column-inner\"><div class=\"w-person us_custom_1b84a947 has_text_color layout_circle with_desc\" itemscope itemtype=\"https:\/\/schema.org\/Person\"><div class=\"w-person-image\"><img loading=\"lazy\" decoding=\"async\" width=\"800\" height=\"800\" src=\"https:\/\/www.emz.de\/wp-content\/uploads\/2022\/08\/220407_EMZ-Shooting_Caballero_David.jpg\" class=\"attachment-large size-large\" alt=\"\" itemprop=\"image\" srcset=\"https:\/\/www.emz.de\/wp-content\/uploads\/2022\/08\/220407_EMZ-Shooting_Caballero_David.jpg 800w, https:\/\/www.emz.de\/wp-content\/uploads\/2022\/08\/220407_EMZ-Shooting_Caballero_David-300x300.jpg 300w, https:\/\/www.emz.de\/wp-content\/uploads\/2022\/08\/220407_EMZ-Shooting_Caballero_David-150x150.jpg 150w\" sizes=\"auto, (max-width: 800px) 100vw, 800px\" \/><\/div><div class=\"w-person-content\"><h4 itemprop=\"name\" class=\"w-person-name\"><span>David Caballero<\/span><\/h4><div class=\"w-person-role\" itemprop=\"jobTitle\">Distribution<\/div><div class=\"w-person-description\" itemprop=\"description\"><p><a href=\"tel:+492361690946\">T\u00e9l\u00e9phoner : +49 2361-6909-46<\/a><\/p>\n<\/div><\/div><\/div><div class=\"w-separator size_small\"><\/div><\/div><\/div><\/div><div class=\"g-cols wpb_row via_grid cols_4 laptops-cols_inherit tablets-cols_inherit mobiles-cols_1 valign_top type_default stacking_default\" style=\"--columns-gap:3rem;\"><div class=\"wpb_column vc_column_container\"><div class=\"vc_column-inner\"><div class=\"w-person us_custom_1b84a947 has_text_color layout_circle with_desc\" itemscope itemtype=\"https:\/\/schema.org\/Person\"><div class=\"w-person-image\"><img loading=\"lazy\" decoding=\"async\" width=\"800\" height=\"800\" src=\"https:\/\/www.emz.de\/wp-content\/uploads\/2022\/08\/220407_EMZ-Shooting_Oynak_Kadri.jpg\" class=\"attachment-large size-large\" alt=\"\" itemprop=\"image\" srcset=\"https:\/\/www.emz.de\/wp-content\/uploads\/2022\/08\/220407_EMZ-Shooting_Oynak_Kadri.jpg 800w, https:\/\/www.emz.de\/wp-content\/uploads\/2022\/08\/220407_EMZ-Shooting_Oynak_Kadri-300x300.jpg 300w, https:\/\/www.emz.de\/wp-content\/uploads\/2022\/08\/220407_EMZ-Shooting_Oynak_Kadri-150x150.jpg 150w\" sizes=\"auto, (max-width: 800px) 100vw, 800px\" \/><\/div><div class=\"w-person-content\"><h4 itemprop=\"name\" class=\"w-person-name\"><span>Kadri Oynak<\/span><\/h4><div class=\"w-person-role\" itemprop=\"jobTitle\">Distribution<\/div><div class=\"w-person-description\" itemprop=\"description\"><p><a href=\"tel:+492361690926\">T\u00e9l\u00e9phoner : +49 2361-6909-26<\/a><\/p>\n<\/div><\/div><\/div><div class=\"w-separator size_small\"><\/div><\/div><\/div><div class=\"wpb_column vc_column_container\"><div class=\"vc_column-inner\"><div class=\"w-person us_custom_1b84a947 has_text_color layout_circle with_desc\" itemscope itemtype=\"https:\/\/schema.org\/Person\"><div class=\"w-person-image\"><img loading=\"lazy\" decoding=\"async\" width=\"800\" height=\"800\" src=\"https:\/\/www.emz.de\/wp-content\/uploads\/2022\/08\/220407_EMZ-Shooting_Thomas_Esken2.jpg\" class=\"attachment-large size-large\" alt=\"\" itemprop=\"image\" srcset=\"https:\/\/www.emz.de\/wp-content\/uploads\/2022\/08\/220407_EMZ-Shooting_Thomas_Esken2.jpg 800w, https:\/\/www.emz.de\/wp-content\/uploads\/2022\/08\/220407_EMZ-Shooting_Thomas_Esken2-300x300.jpg 300w, https:\/\/www.emz.de\/wp-content\/uploads\/2022\/08\/220407_EMZ-Shooting_Thomas_Esken2-150x150.jpg 150w\" sizes=\"auto, (max-width: 800px) 100vw, 800px\" \/><\/div><div class=\"w-person-content\"><h4 itemprop=\"name\" class=\"w-person-name\"><span>Thomas Esken<\/span><\/h4><div class=\"w-person-role\" itemprop=\"jobTitle\">Etat technicien certifi\u00e9<\/div><div class=\"w-person-description\" itemprop=\"description\"><p><a href=\"tel:+492361690928\">T\u00e9l\u00e9phoner : +49 2361-6909-28<\/a><\/p>\n<\/div><\/div><\/div><div class=\"w-separator size_small\"><\/div><\/div><\/div><div class=\"wpb_column vc_column_container\"><div class=\"vc_column-inner\"><div class=\"w-person us_custom_1b84a947 has_text_color layout_circle with_desc\" itemscope itemtype=\"https:\/\/schema.org\/Person\"><div class=\"w-person-image\"><img loading=\"lazy\" decoding=\"async\" width=\"800\" height=\"800\" src=\"https:\/\/www.emz.de\/wp-content\/uploads\/2022\/08\/220407_EMZ-Shooting_Marko_Pezer.jpg\" class=\"attachment-large size-large\" alt=\"\" itemprop=\"image\" srcset=\"https:\/\/www.emz.de\/wp-content\/uploads\/2022\/08\/220407_EMZ-Shooting_Marko_Pezer.jpg 800w, https:\/\/www.emz.de\/wp-content\/uploads\/2022\/08\/220407_EMZ-Shooting_Marko_Pezer-300x300.jpg 300w, https:\/\/www.emz.de\/wp-content\/uploads\/2022\/08\/220407_EMZ-Shooting_Marko_Pezer-150x150.jpg 150w\" sizes=\"auto, (max-width: 800px) 100vw, 800px\" \/><\/div><div class=\"w-person-content\"><h4 itemprop=\"name\" class=\"w-person-name\"><span>Marko Pezer<\/span><\/h4><div class=\"w-person-role\" itemprop=\"jobTitle\">Distribution<\/div><div class=\"w-person-description\" itemprop=\"description\"><p><a href=\"tel:+492361690959\">T\u00e9l\u00e9phoner : +49 2361-6909-59<\/a><\/p>\n<\/div><\/div><\/div><div class=\"w-separator size_small\"><\/div><\/div><\/div><div class=\"wpb_column vc_column_container\"><div class=\"vc_column-inner\"><div class=\"w-person us_custom_1b84a947 has_text_color layout_circle with_desc\" itemscope itemtype=\"https:\/\/schema.org\/Person\"><div class=\"w-person-image\"><img loading=\"lazy\" decoding=\"async\" width=\"800\" height=\"800\" src=\"https:\/\/www.emz.de\/wp-content\/uploads\/2023\/03\/220407_EMZ-Shooting_Erwig_Christian.jpg\" class=\"attachment-large size-large\" alt=\"\" itemprop=\"image\" srcset=\"https:\/\/www.emz.de\/wp-content\/uploads\/2023\/03\/220407_EMZ-Shooting_Erwig_Christian.jpg 800w, https:\/\/www.emz.de\/wp-content\/uploads\/2023\/03\/220407_EMZ-Shooting_Erwig_Christian-300x300.jpg 300w, https:\/\/www.emz.de\/wp-content\/uploads\/2023\/03\/220407_EMZ-Shooting_Erwig_Christian-150x150.jpg 150w\" sizes=\"auto, (max-width: 800px) 100vw, 800px\" \/><\/div><div class=\"w-person-content\"><h4 itemprop=\"name\" class=\"w-person-name\"><span>Christian Erwig<\/span><\/h4><div class=\"w-person-role\" itemprop=\"jobTitle\">Etat technicien certifi\u00e9<\/div><div class=\"w-person-description\" itemprop=\"description\"><p><a href=\"tel:+492361690924\">T\u00e9l\u00e9phoner : +49 2361-6909-24<\/a><\/p>\n<\/div><\/div><\/div><div class=\"w-separator size_small\"><\/div><\/div><\/div><\/div><div class=\"g-cols wpb_row via_grid cols_4 laptops-cols_inherit tablets-cols_inherit mobiles-cols_1 valign_top type_default stacking_default\" style=\"--columns-gap:3rem;\"><div class=\"wpb_column vc_column_container\"><div class=\"vc_column-inner\"><div class=\"w-separator size_small\"><\/div><\/div><\/div><div class=\"wpb_column vc_column_container\"><div class=\"vc_column-inner\"><\/div><\/div><div class=\"wpb_column vc_column_container\"><div class=\"vc_column-inner\"><\/div><\/div><div class=\"wpb_column vc_column_container\"><div class=\"vc_column-inner\"><\/div><\/div><\/div><\/div><\/div><\/div><\/div><\/section><section class=\"l-section wpb_row us_custom_59a65f4f height_medium\"><div class=\"l-section-h i-cf\"><div class=\"g-cols vc_row via_grid cols_1 laptops-cols_inherit tablets-cols_inherit mobiles-cols_1 valign_top type_default stacking_default\"><div class=\"wpb_column vc_column_container\"><div class=\"vc_column-inner\"><div class=\"wpb_text_column us_custom_48f7b8fc has_text_color\"><div class=\"wpb_wrapper\"><p>Autres produits EMK<\/p>\n<\/div><\/div><div class=\"wpb_text_column\"><div class=\"wpb_wrapper\"><p>Nous vous proposons par exemple nos moteurs EMK adapt\u00e9s \u00e0 nos convertisseurs de fr\u00e9quence EMK.<\/p>\n<\/div><\/div><\/div><\/div><\/div><\/div><\/section><section class=\"l-section wpb_row us_custom_34ce4127 height_small\"><div class=\"l-section-h i-cf\"><div class=\"g-cols vc_row via_grid cols_1 laptops-cols_inherit tablets-cols_inherit mobiles-cols_1 valign_top type_default stacking_default\"><div class=\"wpb_column vc_column_container\"><div class=\"vc_column-inner\"><div class=\"w-grid us_grid type_grid layout_blog_1 cols_3 preload_style_spinner\" id=\"us_grid_1\" style=\"--columns:3;--gap:1.5rem;\"><style>@media (max-width:1024px){#us_grid_1{--columns:2!important}}@media (max-width:600px){#us_grid_1{--columns:1!important}}.layout_blog_1 .w-grid-item-h{}.layout_blog_1 .usg_post_image_1{margin-bottom:0.5rem!important}.layout_blog_1 .usg_post_title_1{font-size:1rem!important}<\/style><div class=\"w-grid-list\">\t<article class=\"w-grid-item post-5029 page type-page status-publish has-post-thumbnail hentry\" data-id=\"5029\">\r\n\t\t<div class=\"w-grid-item-h\">\r\n\t\t\t\t\t\t<div class=\"w-post-elm post_image usg_post_image_1 stretched\"><a href=\"https:\/\/www.emz.de\/fr\/produits\/basse-tension\/autres-systemes-dentrainement\/\" aria-label=\"Autres syst\u00e8mes d&rsquo;entra\u00eenement\"><img loading=\"lazy\" decoding=\"async\" width=\"1024\" height=\"896\" src=\"https:\/\/www.emz.de\/wp-content\/uploads\/2022\/06\/EMZ_EMK4-1024x896.png\" class=\"attachment-large size-large wp-post-image\" alt=\"\" srcset=\"https:\/\/www.emz.de\/wp-content\/uploads\/2022\/06\/EMZ_EMK4-1024x896.png 1024w, https:\/\/www.emz.de\/wp-content\/uploads\/2022\/06\/EMZ_EMK4-300x263.png 300w, https:\/\/www.emz.de\/wp-content\/uploads\/2022\/06\/EMZ_EMK4.png 1400w\" sizes=\"auto, (max-width: 1024px) 100vw, 1024px\" \/><\/a><\/div><h2 class=\"w-post-elm post_title usg_post_title_1 entry-title color_link_inherit\"><a href=\"https:\/\/www.emz.de\/fr\/produits\/basse-tension\/autres-systemes-dentrainement\/\">Autres syst\u00e8mes d&rsquo;entra\u00eenement<\/a><\/h2>\t\t<\/div>\r\n\t\t\t<\/article>\r\n\t<article class=\"w-grid-item post-4811 page type-page status-publish has-post-thumbnail hentry\" data-id=\"4811\">\r\n\t\t<div class=\"w-grid-item-h\">\r\n\t\t\t\t\t\t<div class=\"w-post-elm post_image usg_post_image_1 stretched\"><a href=\"https:\/\/www.emz.de\/fr\/produits\/basse-tension\/les-moteurs-emk\/\" aria-label=\"Les moteurs EMK\"><img loading=\"lazy\" decoding=\"async\" width=\"1024\" height=\"853\" src=\"https:\/\/www.emz.de\/wp-content\/uploads\/2022\/06\/EMZ_EMK-Motoren_Wechselstrommotor-1024x853.png\" class=\"attachment-large size-large wp-post-image\" alt=\"\" srcset=\"https:\/\/www.emz.de\/wp-content\/uploads\/2022\/06\/EMZ_EMK-Motoren_Wechselstrommotor-1024x853.png 1024w, https:\/\/www.emz.de\/wp-content\/uploads\/2022\/06\/EMZ_EMK-Motoren_Wechselstrommotor-300x250.png 300w, https:\/\/www.emz.de\/wp-content\/uploads\/2022\/06\/EMZ_EMK-Motoren_Wechselstrommotor.png 1296w\" sizes=\"auto, (max-width: 1024px) 100vw, 1024px\" \/><\/a><\/div><h2 class=\"w-post-elm post_title usg_post_title_1 entry-title color_link_inherit\"><a href=\"https:\/\/www.emz.de\/fr\/produits\/basse-tension\/les-moteurs-emk\/\">Les moteurs EMK<\/a><\/h2>\t\t<\/div>\r\n\t\t\t<\/article>\r\n<\/div>\t<div class=\"w-grid-preloader\">\r\n\t\t<div class=\"g-preloader type_1\">\r\n\t\t\t<div><\/div>\r\n\t\t<\/div>\r\n\t<\/div>\r\n\t\t<div class=\"w-grid-json hidden\" onclick='return {&quot;action&quot;:&quot;us_ajax_grid&quot;,&quot;infinite_scroll&quot;:0,&quot;max_num_pages&quot;:1,&quot;pagination&quot;:&quot;none&quot;,&quot;template_vars&quot;:{&quot;columns&quot;:&quot;3&quot;,&quot;exclude_items&quot;:&quot;none&quot;,&quot;img_size&quot;:&quot;default&quot;,&quot;ignore_items_size&quot;:&quot;1&quot;,&quot;items_layout&quot;:&quot;blog_1&quot;,&quot;items_offset&quot;:&quot;1&quot;,&quot;load_animation&quot;:&quot;none&quot;,&quot;overriding_link&quot;:&quot;{\\&quot;url\\&quot;:\\&quot;\\&quot;}&quot;,&quot;post_id&quot;:0,&quot;query_args&quot;:{&quot;ignore_sticky_posts&quot;:1,&quot;post_type&quot;:&quot;any&quot;,&quot;post__in&quot;:[&quot;541&quot;,&quot;543&quot;],&quot;posts_per_page&quot;:&quot;3&quot;},&quot;orderby_query_args&quot;:{&quot;orderby&quot;:{&quot;date&quot;:&quot;DESC&quot;}},&quot;type&quot;:&quot;grid&quot;,&quot;us_grid_post_type&quot;:&quot;ids&quot;,&quot;us_grid_ajax_index&quot;:1,&quot;us_grid_filter_query_string&quot;:null,&quot;us_grid_index&quot;:1,&quot;page_args&quot;:[],&quot;lang&quot;:&quot;fr&quot;}}'><\/div>\r\n\t<\/div><\/div><\/div><\/div><\/div><\/section>\n","protected":false},"excerpt":{"rendered":"[vc_custom_heading text=\"TYPES DE MOTEURS\" font_container=\"tag:p|text_align:left\" use_theme_fonts=\"yes\" css=\"%7B%22default%22%3A%7B%22color%22%3A%22_header_middle_text%22%2C%22font-family%22%3A%22h2%22%2C%22font-weight%22%3A%22700%22%2C%22text-transform%22%3A%22uppercase%22%2C%22font-size%22%3A%2240px%22%7D%7D\"][vc_custom_heading source=\"post_title\" font_container=\"tag:h1|text_align:left\" use_theme_fonts=\"yes\" css=\"%7B%22default%22%3A%7B%22margin-top%22%3A%220px%22%2C%22margin-bottom%22%3A%220px%22%2C%22padding-top%22%3A%220px%22%7D%7D\"][vc_custom_heading text=\"FICHE MOTEURS\" use_theme_fonts=\"yes\" css=\"%7B%22default%22%3A%7B%22margin-bottom%22%3A%220px%22%2C%22padding-bottom%22%3A%220px%22%7D%7D\"]disponible imm\u00e9diatement 50 000 moteurs0 moteursPuissance jusqu&rsquo;\u00e0 1 000 kW0 kWMoteurs de 2, 4, 6 \u00e0 8 p\u00f4les2 p\u00f4lesModifi&eacute;s...Modifi&eacute;s...Configur&eacute;s...Disponibles en stock sp&eacute;cialement pour vousCOMMANDER UN MOTEUR EMK[vc_custom_heading text=\"Les moteurs EMK\" font_container=\"tag:h3|text_align:left\" use_theme_fonts=\"yes\" css=\"%7B%22default%22%3A%7B%22font-size%22%3A%2240px%22%7D%7D\"]Le moteur EMK se caract\u00e9rise par son design optimis\u00e9....","protected":false},"author":1,"featured_media":3772,"parent":4808,"menu_order":2,"comment_status":"closed","ping_status":"closed","template":"","meta":{"footnotes":""},"class_list":["post-4814","page","type-page","status-publish","has-post-thumbnail","hentry"],"yoast_head":"<!-- This site is optimized with the Yoast SEO plugin v27.4 - https:\/\/yoast.com\/product\/yoast-seo-wordpress\/ -->\n<title>Les variateurs de vitesse EMK | EMZ<\/title>\n<meta name=\"robots\" content=\"index, follow, max-snippet:-1, max-image-preview:large, max-video-preview:-1\" \/>\n<link rel=\"canonical\" href=\"https:\/\/www.emz.de\/fr\/produits\/basse-tension\/les-variateurs-de-vitesse-emk\/\" \/>\n<meta property=\"og:locale\" content=\"fr_FR\" \/>\n<meta property=\"og:type\" content=\"article\" \/>\n<meta property=\"og:title\" content=\"Les variateurs de vitesse EMK | EMZ\" \/>\n<meta property=\"og:url\" content=\"https:\/\/www.emz.de\/fr\/produits\/basse-tension\/les-variateurs-de-vitesse-emk\/\" \/>\n<meta property=\"og:site_name\" content=\"EMZ\" \/>\n<meta property=\"article:publisher\" content=\"https:\/\/www.facebook.com\/EMZdeutschland\" \/>\n<meta property=\"article:modified_time\" content=\"2025-09-11T13:08:27+00:00\" \/>\n<meta property=\"og:image\" content=\"https:\/\/www.emz.de\/wp-content\/uploads\/2022\/04\/Frequenzumrichter_EMK.png\" \/>\n\t<meta property=\"og:image:width\" content=\"1400\" \/>\n\t<meta property=\"og:image:height\" content=\"1225\" \/>\n\t<meta property=\"og:image:type\" content=\"image\/png\" \/>\n<meta name=\"twitter:card\" content=\"summary_large_image\" \/>\n<script type=\"application\/ld+json\" class=\"yoast-schema-graph\">{\"@context\":\"https:\\\/\\\/schema.org\",\"@graph\":[{\"@type\":\"WebPage\",\"@id\":\"https:\\\/\\\/www.emz.de\\\/fr\\\/produits\\\/basse-tension\\\/les-variateurs-de-vitesse-emk\\\/\",\"url\":\"https:\\\/\\\/www.emz.de\\\/fr\\\/produits\\\/basse-tension\\\/les-variateurs-de-vitesse-emk\\\/\",\"name\":\"Les variateurs de vitesse EMK | EMZ\",\"isPartOf\":{\"@id\":\"https:\\\/\\\/www.emz.de\\\/fr\\\/#website\"},\"primaryImageOfPage\":{\"@id\":\"https:\\\/\\\/www.emz.de\\\/fr\\\/produits\\\/basse-tension\\\/les-variateurs-de-vitesse-emk\\\/#primaryimage\"},\"image\":{\"@id\":\"https:\\\/\\\/www.emz.de\\\/fr\\\/produits\\\/basse-tension\\\/les-variateurs-de-vitesse-emk\\\/#primaryimage\"},\"thumbnailUrl\":\"https:\\\/\\\/www.emz.de\\\/wp-content\\\/uploads\\\/2022\\\/04\\\/Frequenzumrichter_EMK.png\",\"datePublished\":\"2022-03-24T09:23:18+00:00\",\"dateModified\":\"2025-09-11T13:08:27+00:00\",\"breadcrumb\":{\"@id\":\"https:\\\/\\\/www.emz.de\\\/fr\\\/produits\\\/basse-tension\\\/les-variateurs-de-vitesse-emk\\\/#breadcrumb\"},\"inLanguage\":\"fr-FR\",\"potentialAction\":[{\"@type\":\"ReadAction\",\"target\":[\"https:\\\/\\\/www.emz.de\\\/fr\\\/produits\\\/basse-tension\\\/les-variateurs-de-vitesse-emk\\\/\"]}]},{\"@type\":\"ImageObject\",\"inLanguage\":\"fr-FR\",\"@id\":\"https:\\\/\\\/www.emz.de\\\/fr\\\/produits\\\/basse-tension\\\/les-variateurs-de-vitesse-emk\\\/#primaryimage\",\"url\":\"https:\\\/\\\/www.emz.de\\\/wp-content\\\/uploads\\\/2022\\\/04\\\/Frequenzumrichter_EMK.png\",\"contentUrl\":\"https:\\\/\\\/www.emz.de\\\/wp-content\\\/uploads\\\/2022\\\/04\\\/Frequenzumrichter_EMK.png\",\"width\":1400,\"height\":1225},{\"@type\":\"BreadcrumbList\",\"@id\":\"https:\\\/\\\/www.emz.de\\\/fr\\\/produits\\\/basse-tension\\\/les-variateurs-de-vitesse-emk\\\/#breadcrumb\",\"itemListElement\":[{\"@type\":\"ListItem\",\"position\":1,\"name\":\"Home\",\"item\":\"https:\\\/\\\/www.emz.de\\\/fr\\\/\"},{\"@type\":\"ListItem\",\"position\":2,\"name\":\"PRODUITS\",\"item\":\"https:\\\/\\\/www.emz.de\\\/fr\\\/produits\\\/\"},{\"@type\":\"ListItem\",\"position\":3,\"name\":\"Basse tension\",\"item\":\"https:\\\/\\\/www.emz.de\\\/fr\\\/produits\\\/basse-tension\\\/\"},{\"@type\":\"ListItem\",\"position\":4,\"name\":\"Les variateurs de vitesse EMK\"}]},{\"@type\":\"WebSite\",\"@id\":\"https:\\\/\\\/www.emz.de\\\/fr\\\/#website\",\"url\":\"https:\\\/\\\/www.emz.de\\\/fr\\\/\",\"name\":\"EMZ Elektromotoren f\u00fcr Hochspannung und Niederspannung\",\"description\":\"Spezialist f\u00fcr elektrische Antriebstechnik\",\"publisher\":{\"@id\":\"https:\\\/\\\/www.emz.de\\\/fr\\\/#organization\"},\"alternateName\":\"EMZ\",\"potentialAction\":[{\"@type\":\"SearchAction\",\"target\":{\"@type\":\"EntryPoint\",\"urlTemplate\":\"https:\\\/\\\/www.emz.de\\\/fr\\\/?s={search_term_string}\"},\"query-input\":{\"@type\":\"PropertyValueSpecification\",\"valueRequired\":true,\"valueName\":\"search_term_string\"}}],\"inLanguage\":\"fr-FR\"},{\"@type\":\"Organization\",\"@id\":\"https:\\\/\\\/www.emz.de\\\/fr\\\/#organization\",\"name\":\"EMZ Elektro-Maschinen-Zentrale GmbH\",\"alternateName\":\"EMZ\",\"url\":\"https:\\\/\\\/www.emz.de\\\/fr\\\/\",\"logo\":{\"@type\":\"ImageObject\",\"inLanguage\":\"fr-FR\",\"@id\":\"https:\\\/\\\/www.emz.de\\\/fr\\\/#\\\/schema\\\/logo\\\/image\\\/\",\"url\":\"https:\\\/\\\/www.emz.de\\\/wp-content\\\/uploads\\\/2022\\\/07\\\/EMZ_Logo_RGB_mitClaim_Positiv_2-farbig_Hellblau-Dunkelblau.svg\",\"contentUrl\":\"https:\\\/\\\/www.emz.de\\\/wp-content\\\/uploads\\\/2022\\\/07\\\/EMZ_Logo_RGB_mitClaim_Positiv_2-farbig_Hellblau-Dunkelblau.svg\",\"width\":\"1024\",\"height\":\"1024\",\"caption\":\"EMZ Elektro-Maschinen-Zentrale GmbH\"},\"image\":{\"@id\":\"https:\\\/\\\/www.emz.de\\\/fr\\\/#\\\/schema\\\/logo\\\/image\\\/\"},\"sameAs\":[\"https:\\\/\\\/www.facebook.com\\\/EMZdeutschland\",\"https:\\\/\\\/www.linkedin.com\\\/company\\\/emz-elektro-maschinen-zentrale-gmbh\\\/?originalSubdomain=de\",\"https:\\\/\\\/www.youtube.com\\\/channel\\\/UCajQ_5Xm-hS2H16Liwf5UAQ\\\/featured\",\"https:\\\/\\\/www.xing.com\\\/pages\\\/emz-elektro-maschinen-zentrale-gmbh\"]}]}<\/script>\n<!-- \/ Yoast SEO plugin. -->","yoast_head_json":{"title":"Les variateurs de vitesse EMK | EMZ","robots":{"index":"index","follow":"follow","max-snippet":"max-snippet:-1","max-image-preview":"max-image-preview:large","max-video-preview":"max-video-preview:-1"},"canonical":"https:\/\/www.emz.de\/fr\/produits\/basse-tension\/les-variateurs-de-vitesse-emk\/","og_locale":"fr_FR","og_type":"article","og_title":"Les variateurs de vitesse EMK | EMZ","og_url":"https:\/\/www.emz.de\/fr\/produits\/basse-tension\/les-variateurs-de-vitesse-emk\/","og_site_name":"EMZ","article_publisher":"https:\/\/www.facebook.com\/EMZdeutschland","article_modified_time":"2025-09-11T13:08:27+00:00","og_image":[{"width":1400,"height":1225,"url":"https:\/\/www.emz.de\/wp-content\/uploads\/2022\/04\/Frequenzumrichter_EMK.png","type":"image\/png"}],"twitter_card":"summary_large_image","schema":{"@context":"https:\/\/schema.org","@graph":[{"@type":"WebPage","@id":"https:\/\/www.emz.de\/fr\/produits\/basse-tension\/les-variateurs-de-vitesse-emk\/","url":"https:\/\/www.emz.de\/fr\/produits\/basse-tension\/les-variateurs-de-vitesse-emk\/","name":"Les variateurs de vitesse EMK | EMZ","isPartOf":{"@id":"https:\/\/www.emz.de\/fr\/#website"},"primaryImageOfPage":{"@id":"https:\/\/www.emz.de\/fr\/produits\/basse-tension\/les-variateurs-de-vitesse-emk\/#primaryimage"},"image":{"@id":"https:\/\/www.emz.de\/fr\/produits\/basse-tension\/les-variateurs-de-vitesse-emk\/#primaryimage"},"thumbnailUrl":"https:\/\/www.emz.de\/wp-content\/uploads\/2022\/04\/Frequenzumrichter_EMK.png","datePublished":"2022-03-24T09:23:18+00:00","dateModified":"2025-09-11T13:08:27+00:00","breadcrumb":{"@id":"https:\/\/www.emz.de\/fr\/produits\/basse-tension\/les-variateurs-de-vitesse-emk\/#breadcrumb"},"inLanguage":"fr-FR","potentialAction":[{"@type":"ReadAction","target":["https:\/\/www.emz.de\/fr\/produits\/basse-tension\/les-variateurs-de-vitesse-emk\/"]}]},{"@type":"ImageObject","inLanguage":"fr-FR","@id":"https:\/\/www.emz.de\/fr\/produits\/basse-tension\/les-variateurs-de-vitesse-emk\/#primaryimage","url":"https:\/\/www.emz.de\/wp-content\/uploads\/2022\/04\/Frequenzumrichter_EMK.png","contentUrl":"https:\/\/www.emz.de\/wp-content\/uploads\/2022\/04\/Frequenzumrichter_EMK.png","width":1400,"height":1225},{"@type":"BreadcrumbList","@id":"https:\/\/www.emz.de\/fr\/produits\/basse-tension\/les-variateurs-de-vitesse-emk\/#breadcrumb","itemListElement":[{"@type":"ListItem","position":1,"name":"Home","item":"https:\/\/www.emz.de\/fr\/"},{"@type":"ListItem","position":2,"name":"PRODUITS","item":"https:\/\/www.emz.de\/fr\/produits\/"},{"@type":"ListItem","position":3,"name":"Basse tension","item":"https:\/\/www.emz.de\/fr\/produits\/basse-tension\/"},{"@type":"ListItem","position":4,"name":"Les variateurs de vitesse EMK"}]},{"@type":"WebSite","@id":"https:\/\/www.emz.de\/fr\/#website","url":"https:\/\/www.emz.de\/fr\/","name":"EMZ Elektromotoren f\u00fcr Hochspannung und Niederspannung","description":"Spezialist f\u00fcr elektrische Antriebstechnik","publisher":{"@id":"https:\/\/www.emz.de\/fr\/#organization"},"alternateName":"EMZ","potentialAction":[{"@type":"SearchAction","target":{"@type":"EntryPoint","urlTemplate":"https:\/\/www.emz.de\/fr\/?s={search_term_string}"},"query-input":{"@type":"PropertyValueSpecification","valueRequired":true,"valueName":"search_term_string"}}],"inLanguage":"fr-FR"},{"@type":"Organization","@id":"https:\/\/www.emz.de\/fr\/#organization","name":"EMZ Elektro-Maschinen-Zentrale GmbH","alternateName":"EMZ","url":"https:\/\/www.emz.de\/fr\/","logo":{"@type":"ImageObject","inLanguage":"fr-FR","@id":"https:\/\/www.emz.de\/fr\/#\/schema\/logo\/image\/","url":"https:\/\/www.emz.de\/wp-content\/uploads\/2022\/07\/EMZ_Logo_RGB_mitClaim_Positiv_2-farbig_Hellblau-Dunkelblau.svg","contentUrl":"https:\/\/www.emz.de\/wp-content\/uploads\/2022\/07\/EMZ_Logo_RGB_mitClaim_Positiv_2-farbig_Hellblau-Dunkelblau.svg","width":"1024","height":"1024","caption":"EMZ Elektro-Maschinen-Zentrale GmbH"},"image":{"@id":"https:\/\/www.emz.de\/fr\/#\/schema\/logo\/image\/"},"sameAs":["https:\/\/www.facebook.com\/EMZdeutschland","https:\/\/www.linkedin.com\/company\/emz-elektro-maschinen-zentrale-gmbh\/?originalSubdomain=de","https:\/\/www.youtube.com\/channel\/UCajQ_5Xm-hS2H16Liwf5UAQ\/featured","https:\/\/www.xing.com\/pages\/emz-elektro-maschinen-zentrale-gmbh"]}]}},"_links":{"self":[{"href":"https:\/\/www.emz.de\/fr\/wp-json\/wp\/v2\/pages\/4814","targetHints":{"allow":["GET"]}}],"collection":[{"href":"https:\/\/www.emz.de\/fr\/wp-json\/wp\/v2\/pages"}],"about":[{"href":"https:\/\/www.emz.de\/fr\/wp-json\/wp\/v2\/types\/page"}],"author":[{"embeddable":true,"href":"https:\/\/www.emz.de\/fr\/wp-json\/wp\/v2\/users\/1"}],"replies":[{"embeddable":true,"href":"https:\/\/www.emz.de\/fr\/wp-json\/wp\/v2\/comments?post=4814"}],"version-history":[{"count":21,"href":"https:\/\/www.emz.de\/fr\/wp-json\/wp\/v2\/pages\/4814\/revisions"}],"predecessor-version":[{"id":9695,"href":"https:\/\/www.emz.de\/fr\/wp-json\/wp\/v2\/pages\/4814\/revisions\/9695"}],"up":[{"embeddable":true,"href":"https:\/\/www.emz.de\/fr\/wp-json\/wp\/v2\/pages\/4808"}],"wp:featuredmedia":[{"embeddable":true,"href":"https:\/\/www.emz.de\/fr\/wp-json\/wp\/v2\/media\/3772"}],"wp:attachment":[{"href":"https:\/\/www.emz.de\/fr\/wp-json\/wp\/v2\/media?parent=4814"}],"curies":[{"name":"wp","href":"https:\/\/api.w.org\/{rel}","templated":true}]}}