{"id":8137,"date":"2022-02-10T09:54:18","date_gmt":"2022-02-10T08:54:18","guid":{"rendered":"https:\/\/www.emz.de\/mentions-legales\/"},"modified":"2025-01-30T14:10:40","modified_gmt":"2025-01-30T13:10:40","slug":"mentions-legales","status":"publish","type":"page","link":"https:\/\/www.emz.de\/fr\/mentions-legales\/","title":{"rendered":"Mentions l\u00e9gales"},"content":{"rendered":"<section class=\"l-section wpb_row us_custom_6c38848e height_medium\"><div class=\"l-section-h i-cf\"><div class=\"g-cols vc_row via_grid cols_1 laptops-cols_inherit tablets-cols_inherit mobiles-cols_1 valign_top type_default stacking_default\"><div class=\"wpb_column vc_column_container\"><div class=\"vc_column-inner\">[vc_custom_heading text=\u00a0\u00bbTDG \u00a7 6&Prime; font_container=\u00a0\u00bbtag:p|text_align:left\u00a0\u00bb use_theme_fonts=\u00a0\u00bbyes\u00a0\u00bb css=\u00a0\u00bb%7B%22default%22%3A%7B%22color%22%3A%22_header_middle_text%22%2C%22font-size%22%3A%2240px%22%2C%22font-family%22%3A%22h2%22%2C%22font-weight%22%3A%22700%22%2C%22text-transform%22%3A%22uppercase%22%7D%7D\u00a0\u00bb][vc_custom_heading source=\u00a0\u00bbpost_title\u00a0\u00bb font_container=\u00a0\u00bbtag:h1|text_align:left\u00a0\u00bb use_theme_fonts=\u00a0\u00bbyes\u00a0\u00bb css=\u00a0\u00bb%7B%22default%22%3A%7B%22margin-top%22%3A%220px%22%2C%22margin-bottom%22%3A%220px%22%2C%22padding-top%22%3A%220px%22%7D%7D\u00a0\u00bb]<\/div><\/div><\/div><\/div><\/section><section class=\"l-section wpb_row us_custom_eac59c77 height_auto\"><div class=\"l-section-h i-cf\"><div class=\"g-cols vc_row via_grid cols_1 laptops-cols_inherit tablets-cols_inherit mobiles-cols_1 valign_top type_default stacking_default\"><div class=\"wpb_column vc_column_container\"><div class=\"vc_column-inner\"><div class=\"wpb_text_column us_custom_bf2881af\"><div class=\"wpb_wrapper\"><h2>Responsable du site Internet<\/h2>\n<p><strong>EMZ Elektromaschinenzentrale GmbH<\/strong><br \/>Richardstra\u00dfe 70<br \/>45661 Recklinghausen<\/p>\n<p><strong>P:<\/strong> +49 23 61 \u2013 69 09 \u2013 0<br \/><strong>F:<\/strong> +49 23 61 \u2013 69 09 \u2013 99<br \/><strong>M:<\/strong><a href=\"mailto:info@emz.de\"> info@emz.de<\/a><\/p>\n<p>Registre du commerce : Recklinghausen, HRB 1210,<br \/>Num\u00e9ro d&rsquo;identification TVA : DE126339886<\/p>\n<p>Directeur g\u00e9n\u00e9ral :<br \/>Deniz Beese, MBA<br \/>Kevin Christopher Wagner, M.Sc.<\/p>\n<h4>domaine de responsabilit\u00e9 :<\/h4>\n<p>Les mentions l\u00e9gales ne s&rsquo;appliquent qu&rsquo;aux sites Internet accessibles \u00e0 l&rsquo;adresse www.emz.de ainsi qu&rsquo;\u00e0 toutes les adresses Internet redirig\u00e9es vers www.emz.de et tous les sous-domaines de www.emz.de.<\/p>\n<h4>Adresse postale :<\/h4>\n<p><strong>EMZ Elektromaschinenzentrale GmbH<\/strong><br \/>Richardstra\u00dfe 70<br \/>45661 Recklinghausen<\/p>\n<p><strong>P:<\/strong> +49 23 61 \u2013 69 09 \u2013 0<br \/><strong>F:<\/strong> +49 23 61 \u2013 69 09 \u2013 99<br \/><strong>M:<\/strong><a href=\"mailto:info@emz.de\"> info@emz.de<\/a><\/p>\n<p>Conform\u00e9ment au \u00a7 28 de la loi f\u00e9d\u00e9rale sur la protection des donn\u00e9es, nous nous opposons \u00e0 toute utilisation commerciale et \u00e0 toute transmission de ces donn\u00e9es publi\u00e9es ici sur www.emz.de.<\/p>\n<h4><strong>Concept, design &amp; r\u00e9alisation :<\/strong><\/h4>\n<p><strong>LA MECHKY PLUS GmbH<\/strong><br \/>Agence de design et de communication<br \/>K\u00f6lnstra\u00dfe 24, 52428 J\u00fclich<\/p>\n<p>Fon : 0 24 61 &#8211; 916 33 99<br \/>T\u00e9l\u00e9copieur : 0 24 61 &#8211; 916 33 98<br \/>Courrier \u00e9lectronique : <a href=\"mailto:info@lamechky.de\">info@lamechky.de<\/a><br \/>Web : <a href=\"http:\/\/www.lamechky.de\">www.lamechky.de<\/a><\/p>\n<p><strong>D\u00e9limitation :<\/strong><br \/>Cette pr\u00e9sence sur le web fait partie du WWW et est par cons\u00e9quent li\u00e9e \u00e0 des sites web \u00e9trangers, susceptibles d&rsquo;\u00e9voluer \u00e0 tout moment, qui ne sont donc pas soumis \u00e0 cette responsabilit\u00e9 et pour lesquels les informations suivantes ne sont pas valables.<br \/>Les liens publi\u00e9s ici ne sont pas contraires aux bonnes m\u0153urs ou \u00e0 la loi. Ils ont \u00e9t\u00e9 v\u00e9rifi\u00e9s une fois avant d&rsquo;\u00eatre publi\u00e9s sur ce site.<br \/>Vous reconnaissez les liens qui m\u00e8nent \u00e0 des projets web \u00e9trangers au fait que lorsque vous cliquez sur les liens, les pages web \u00e9trang\u00e8res s&rsquo;ouvrent dans une nouvelle fen\u00eatre du navigateur.<\/p>\n<p><strong>Responsabilit\u00e9 du contenu :<\/strong><br \/>Le contenu de nos pages a \u00e9t\u00e9 \u00e9labor\u00e9 avec le plus grand soin. Nous ne pouvons toutefois pas garantir l&rsquo;exactitude, l&rsquo;exhaustivit\u00e9 et l&rsquo;actualit\u00e9 des contenus. En tant que prestataire de services, nous sommes tenus, conform\u00e9ment au \u00a7 7 al.1 TMG pour ses propres contenus sur ces pages selon les lois g\u00e9n\u00e9rales. Selon les \u00a7\u00a7 8 \u00e0 10 de la loi allemande sur les m\u00e9dias \u00e9lectroniques (TMG), nous ne sommes toutefois pas tenus, en tant que prestataire de services, de surveiller les informations externes transmises ou enregistr\u00e9es ou de rechercher des circonstances indiquant une activit\u00e9 ill\u00e9gale. Les obligations de supprimer ou de bloquer l&rsquo;utilisation d&rsquo;informations conform\u00e9ment aux lois g\u00e9n\u00e9rales restent inchang\u00e9es. Une responsabilit\u00e9 \u00e0 cet \u00e9gard n&rsquo;est toutefois possible qu&rsquo;\u00e0 partir du moment o\u00f9 une violation concr\u00e8te de la loi est connue. D\u00e8s que nous aurons connaissance de telles violations, nous retirerons imm\u00e9diatement ces contenus.<\/p>\n<p><strong>Responsabilit\u00e9 pour les liens :<\/strong><br \/>Notre offre contient des liens vers des sites web externes de tiers, sur le contenu desquels nous n&rsquo;avons aucune influence. C&rsquo;est pourquoi nous ne pouvons pas non plus nous porter garants de ces contenus \u00e9trangers. Le fournisseur ou l&rsquo;exploitant des pages li\u00e9es est toujours responsable du contenu de ces pages. Les pages li\u00e9es ont \u00e9t\u00e9 v\u00e9rifi\u00e9es au moment de la cr\u00e9ation du lien afin de s&rsquo;assurer qu&rsquo;elles n&rsquo;enfreignaient pas la loi. Aucun contenu ill\u00e9gal n&rsquo;a \u00e9t\u00e9 identifi\u00e9 au moment de la cr\u00e9ation des liens. Un contr\u00f4le permanent du contenu des pages li\u00e9es n&rsquo;est toutefois pas exigible sans indices concrets d&rsquo;une violation de la loi. D\u00e8s que nous aurons connaissance de violations de la loi, nous supprimerons imm\u00e9diatement de tels liens.<\/p>\n<p><strong>Droit d&rsquo;auteur :<\/strong><br \/>Les contenus et \u0153uvres cr\u00e9\u00e9s par les exploitants de ces pages sont soumis au droit d&rsquo;auteur allemand. La reproduction, le traitement, la diffusion et toute forme d&rsquo;exploitation en dehors des limites du droit d&rsquo;auteur requi\u00e8rent l&rsquo;accord \u00e9crit de l&rsquo;auteur ou du cr\u00e9ateur concern\u00e9. Les t\u00e9l\u00e9chargements et les copies de cette page ne sont autoris\u00e9s que pour un usage priv\u00e9 et non commercial. Dans la mesure o\u00f9 les contenus de ce site n&rsquo;ont pas \u00e9t\u00e9 cr\u00e9\u00e9s par l&rsquo;exploitant, les droits d&rsquo;auteur de tiers sont respect\u00e9s. En particulier, les contenus de tiers sont identifi\u00e9s comme tels. Si vous deviez n\u00e9anmoins constater une violation des droits d&rsquo;auteur, nous vous prions de nous en informer. D\u00e8s que nous aurons connaissance d&rsquo;une violation de la loi, nous supprimerons imm\u00e9diatement de tels contenus.<\/p>\n<p><strong>R\u00e9f\u00e9rence de la source :<\/strong><br \/>Avis de non-responsabilit\u00e9 d&rsquo;eRecht24, le portail du droit Internet de l&rsquo;avocat S\u00f6ren Siebert, avis de non-responsabilit\u00e9 Facebook d&rsquo;eRecht24, d\u00e9claration de protection des donn\u00e9es de Google Analytics, d\u00e9claration de protection des donn\u00e9es pour Google Adsense, conditions de Google +1, d\u00e9claration de protection des donn\u00e9es de Twitter<\/p>\n<p><strong>Clause de non-responsabilit\u00e9 :<\/strong><br \/>Les contenus de ce projet Internet sous www.emz.de ont \u00e9t\u00e9 soigneusement contr\u00f4l\u00e9s et \u00e9labor\u00e9s en toute bonne foi. Mais les informations pr\u00e9sent\u00e9es ici ne pr\u00e9tendent pas \u00e0 l&rsquo;exhaustivit\u00e9, \u00e0 l&rsquo;actualit\u00e9, \u00e0 la qualit\u00e9 et \u00e0 l&rsquo;exactitude. Aucune responsabilit\u00e9 ne peut \u00eatre assum\u00e9e pour les dommages r\u00e9sultant de la confiance accord\u00e9e au contenu de ce site ou \u00e0 son utilisation.<\/p>\n<p><strong>Violation des droits de propri\u00e9t\u00e9 intellectuelle :<\/strong><br \/>Si vous pensez que ce site web porte atteinte \u00e0 l&rsquo;un de vos droits de propri\u00e9t\u00e9 intellectuelle, nous souhaitons bien entendu y rem\u00e9dier rapidement et vous prions de <a href=\"mailto:info@emz.de\"> nous<\/a> en informer imm\u00e9diatement par courrier \u00e9lectronique \u00e0 l&rsquo;adresse suivante : info@emz.de.<\/p>\n<\/div><\/div><div class=\"g-cols wpb_row via_grid cols_1 laptops-cols_inherit tablets-cols_inherit mobiles-cols_1 valign_top type_default stacking_default\" style=\"--columns-gap:3rem;\"><div class=\"wpb_column vc_column_container\"><div class=\"vc_column-inner\"><div class=\"w-separator size_medium with_line width_default thick_3 style_solid color_secondary align_center\"><div class=\"w-separator-h\"><\/div><\/div><\/div><\/div><\/div><\/div><\/div><\/div><\/div><\/section><section class=\"l-section wpb_row us_custom_eac59c77 height_medium\"><div class=\"l-section-h i-cf\"><div class=\"g-cols vc_row via_grid cols_2-1 laptops-cols_inherit tablets-cols_inherit mobiles-cols_1 valign_middle type_default stacking_default\" style=\"--columns-gap:2rem;\"><div class=\"wpb_column vc_column_container\"><div class=\"vc_column-inner\"><div class=\"g-cols wpb_row us_custom_50cc7d67 via_grid cols_1-4 laptops-cols_inherit tablets-cols_inherit mobiles-cols_1 valign_middle type_default stacking_default\" style=\"--columns-gap:0rem;\"><div class=\"wpb_column vc_column_container\"><div class=\"vc_column-inner\"><div class=\"w-iconbox iconpos_left style_default color_secondary align_center no_text no_title\"><div class=\"w-iconbox-icon\" style=\"font-size:100px;\"><i class=\"fal fa-globe\"><\/i><\/div><div class=\"w-iconbox-meta\"><\/div><\/div><\/div><\/div><div class=\"wpb_column vc_column_container\"><div class=\"vc_column-inner\">[vc_custom_heading text=\u00a0\u00bbPour vous sur place\u00a0\u00bb font_container=\u00a0\u00bbtag:p|text_align:left\u00a0\u00bb css=\u00a0\u00bb%7B%22default%22%3A%7B%22color%22%3A%22_header_middle_text%22%2C%22font-family%22%3A%22h2%22%2C%22font-weight%22%3A%22700%22%2C%22text-transform%22%3A%22uppercase%22%2C%22font-size%22%3A%2235px%22%2C%22margin-bottom%22%3A%220px%22%2C%22padding-bottom%22%3A%220px%22%7D%7D\u00a0\u00bb][vc_custom_heading text=\u00a0\u00bbService mondial\u00a0\u00bb font_container=\u00a0\u00bbtag:p|text_align:left\u00a0\u00bb use_theme_fonts=\u00a0\u00bbyes\u00a0\u00bb css=\u00a0\u00bb%7B%22default%22%3A%7B%22color%22%3A%22_header_middle_text_hover%22%2C%22font-size%22%3A%2265px%22%2C%22font-family%22%3A%22h1%22%2C%22font-weight%22%3A%22200%22%2C%22padding-top%22%3A%220px%22%7D%2C%22laptops%22%3A%7B%22color%22%3A%22_header_middle_text_hover%22%2C%22font-size%22%3A%2265px%22%2C%22font-family%22%3A%22h1%22%2C%22font-weight%22%3A%22200%22%7D%2C%22tablets%22%3A%7B%22color%22%3A%22_header_middle_text_hover%22%2C%22font-size%22%3A%2245px%22%2C%22font-family%22%3A%22h1%22%2C%22font-weight%22%3A%22200%22%7D%2C%22mobiles%22%3A%7B%22color%22%3A%22_header_middle_text_hover%22%2C%22font-size%22%3A%2245px%22%2C%22font-family%22%3A%22h1%22%2C%22font-weight%22%3A%22200%22%7D%7D\u00a0\u00bb]<\/div><\/div><\/div><div class=\"wpb_text_column\"><div class=\"wpb_wrapper\"><p>Depuis 1952, la <strong><span class=\"searchHighlight\">EMZ<\/span><\/strong> est \u00e0 la disposition de nos clients dans le monde entier en tant que <strong>partenaire<\/strong> fiable et comp\u00e9tent dans le domaine de la technique d&rsquo;entra\u00eenement. Notre <strong>service<\/strong> ne fait pas exception \u00e0 la r\u00e8gle. Gr\u00e2ce \u00e0 notre num\u00e9ro d&rsquo;urgence <span class=\"searchHighlight\">EMZ<\/span> sp\u00e9cialement mis en place, notre \u00e9quipe <strong>qualifi\u00e9e<\/strong> vous offre une assistance rapide et directe <strong>24 heures sur 24 pour<\/strong> toutes les questions de service.<\/p>\n<\/div><\/div><\/div><\/div><div class=\"wpb_column vc_column_container\"><div class=\"vc_column-overlay\" style=\"background:var(--color-header-middle-bg)\"><\/div><div class=\"vc_column-inner\">[vc_custom_heading text=\u00a0\u00bbAper\u00e7u de nos services\u00a0\u00bb font_container=\u00a0\u00bbtag:p|text_align:center\u00a0\u00bb css=\u00a0\u00bb%7B%22default%22%3A%7B%22color%22%3A%22_header_middle_text%22%2C%22font-size%22%3A%2222px%22%2C%22font-family%22%3A%22h5%22%2C%22font-weight%22%3A%22700%22%2C%22margin-bottom%22%3A%220px%22%2C%22padding-bottom%22%3A%220px%22%7D%7D\u00a0\u00bb]<div class=\"w-btn-wrapper align_center\"><a class=\"w-btn us-btn-style_1 us_custom_d2199d32\" href=\"#\"><span class=\"w-btn-label\">portefeuille de services<\/span><\/a><\/div><\/div><\/div><\/div><\/div><\/section>\n","protected":false},"excerpt":{"rendered":"[vc_custom_heading text=\"TDG \u00a7 6\" font_container=\"tag:p|text_align:left\" use_theme_fonts=\"yes\" css=\"%7B%22default%22%3A%7B%22color%22%3A%22_header_middle_text%22%2C%22font-size%22%3A%2240px%22%2C%22font-family%22%3A%22h2%22%2C%22font-weight%22%3A%22700%22%2C%22text-transform%22%3A%22uppercase%22%7D%7D\"][vc_custom_heading source=\"post_title\" font_container=\"tag:h1|text_align:left\" use_theme_fonts=\"yes\" css=\"%7B%22default%22%3A%7B%22margin-top%22%3A%220px%22%2C%22margin-bottom%22%3A%220px%22%2C%22padding-top%22%3A%220px%22%7D%7D\"]Responsable du site Internet EMZ Elektromaschinenzentrale GmbHRichardstra\u00dfe 7045661 Recklinghausen P: +49 23 61 \u2013 69 09 \u2013 0F: +49 23 61 \u2013 69 09 \u2013 99M: info@emz.de Registre du commerce : Recklinghausen, HRB 1210,Num\u00e9ro d&rsquo;identification TVA : DE126339886 Directeur g\u00e9n\u00e9ral :Deniz Beese, MBAKevin Christopher Wagner,...","protected":false},"author":1,"featured_media":0,"parent":0,"menu_order":0,"comment_status":"closed","ping_status":"closed","template":"","meta":{"footnotes":""},"class_list":["post-8137","page","type-page","status-publish","hentry"],"yoast_head":"<!-- This site is optimized with the Yoast SEO plugin v27.4 - https:\/\/yoast.com\/product\/yoast-seo-wordpress\/ -->\n<title>Mentions l\u00e9gales | EMZ<\/title>\n<meta name=\"robots\" content=\"index, follow, max-snippet:-1, max-image-preview:large, max-video-preview:-1\" \/>\n<link rel=\"canonical\" href=\"https:\/\/www.emz.de\/fr\/mentions-legales\/\" \/>\n<meta property=\"og:locale\" content=\"fr_FR\" \/>\n<meta property=\"og:type\" content=\"article\" \/>\n<meta property=\"og:title\" content=\"Mentions l\u00e9gales | EMZ\" \/>\n<meta property=\"og:url\" content=\"https:\/\/www.emz.de\/fr\/mentions-legales\/\" \/>\n<meta property=\"og:site_name\" content=\"EMZ\" \/>\n<meta property=\"article:publisher\" content=\"https:\/\/www.facebook.com\/EMZdeutschland\" \/>\n<meta property=\"article:modified_time\" content=\"2025-01-30T13:10:40+00:00\" \/>\n<meta property=\"og:image\" content=\"https:\/\/www.emz.de\/wp-content\/uploads\/2022\/11\/EMZ-elektro-Maschinen-Zentrale-social.jpg\" \/>\n\t<meta property=\"og:image:width\" content=\"1200\" \/>\n\t<meta property=\"og:image:height\" content=\"630\" \/>\n\t<meta property=\"og:image:type\" content=\"image\/jpeg\" \/>\n<meta name=\"twitter:card\" content=\"summary_large_image\" \/>\n<script type=\"application\/ld+json\" class=\"yoast-schema-graph\">{\"@context\":\"https:\\\/\\\/schema.org\",\"@graph\":[{\"@type\":\"WebPage\",\"@id\":\"https:\\\/\\\/www.emz.de\\\/fr\\\/mentions-legales\\\/\",\"url\":\"https:\\\/\\\/www.emz.de\\\/fr\\\/mentions-legales\\\/\",\"name\":\"Mentions l\u00e9gales | EMZ\",\"isPartOf\":{\"@id\":\"https:\\\/\\\/www.emz.de\\\/fr\\\/#website\"},\"datePublished\":\"2022-02-10T08:54:18+00:00\",\"dateModified\":\"2025-01-30T13:10:40+00:00\",\"breadcrumb\":{\"@id\":\"https:\\\/\\\/www.emz.de\\\/fr\\\/mentions-legales\\\/#breadcrumb\"},\"inLanguage\":\"fr-FR\",\"potentialAction\":[{\"@type\":\"ReadAction\",\"target\":[\"https:\\\/\\\/www.emz.de\\\/fr\\\/mentions-legales\\\/\"]}]},{\"@type\":\"BreadcrumbList\",\"@id\":\"https:\\\/\\\/www.emz.de\\\/fr\\\/mentions-legales\\\/#breadcrumb\",\"itemListElement\":[{\"@type\":\"ListItem\",\"position\":1,\"name\":\"Home\",\"item\":\"https:\\\/\\\/www.emz.de\\\/fr\\\/\"},{\"@type\":\"ListItem\",\"position\":2,\"name\":\"Mentions l\u00e9gales\"}]},{\"@type\":\"WebSite\",\"@id\":\"https:\\\/\\\/www.emz.de\\\/fr\\\/#website\",\"url\":\"https:\\\/\\\/www.emz.de\\\/fr\\\/\",\"name\":\"EMZ Elektromotoren f\u00fcr Hochspannung und Niederspannung\",\"description\":\"Spezialist f\u00fcr elektrische Antriebstechnik\",\"publisher\":{\"@id\":\"https:\\\/\\\/www.emz.de\\\/fr\\\/#organization\"},\"alternateName\":\"EMZ\",\"potentialAction\":[{\"@type\":\"SearchAction\",\"target\":{\"@type\":\"EntryPoint\",\"urlTemplate\":\"https:\\\/\\\/www.emz.de\\\/fr\\\/?s={search_term_string}\"},\"query-input\":{\"@type\":\"PropertyValueSpecification\",\"valueRequired\":true,\"valueName\":\"search_term_string\"}}],\"inLanguage\":\"fr-FR\"},{\"@type\":\"Organization\",\"@id\":\"https:\\\/\\\/www.emz.de\\\/fr\\\/#organization\",\"name\":\"EMZ Elektro-Maschinen-Zentrale GmbH\",\"alternateName\":\"EMZ\",\"url\":\"https:\\\/\\\/www.emz.de\\\/fr\\\/\",\"logo\":{\"@type\":\"ImageObject\",\"inLanguage\":\"fr-FR\",\"@id\":\"https:\\\/\\\/www.emz.de\\\/fr\\\/#\\\/schema\\\/logo\\\/image\\\/\",\"url\":\"https:\\\/\\\/www.emz.de\\\/wp-content\\\/uploads\\\/2022\\\/07\\\/EMZ_Logo_RGB_mitClaim_Positiv_2-farbig_Hellblau-Dunkelblau.svg\",\"contentUrl\":\"https:\\\/\\\/www.emz.de\\\/wp-content\\\/uploads\\\/2022\\\/07\\\/EMZ_Logo_RGB_mitClaim_Positiv_2-farbig_Hellblau-Dunkelblau.svg\",\"width\":\"1024\",\"height\":\"1024\",\"caption\":\"EMZ Elektro-Maschinen-Zentrale GmbH\"},\"image\":{\"@id\":\"https:\\\/\\\/www.emz.de\\\/fr\\\/#\\\/schema\\\/logo\\\/image\\\/\"},\"sameAs\":[\"https:\\\/\\\/www.facebook.com\\\/EMZdeutschland\",\"https:\\\/\\\/www.linkedin.com\\\/company\\\/emz-elektro-maschinen-zentrale-gmbh\\\/?originalSubdomain=de\",\"https:\\\/\\\/www.youtube.com\\\/channel\\\/UCajQ_5Xm-hS2H16Liwf5UAQ\\\/featured\",\"https:\\\/\\\/www.xing.com\\\/pages\\\/emz-elektro-maschinen-zentrale-gmbh\"]}]}<\/script>\n<!-- \/ Yoast SEO plugin. -->","yoast_head_json":{"title":"Mentions l\u00e9gales | EMZ","robots":{"index":"index","follow":"follow","max-snippet":"max-snippet:-1","max-image-preview":"max-image-preview:large","max-video-preview":"max-video-preview:-1"},"canonical":"https:\/\/www.emz.de\/fr\/mentions-legales\/","og_locale":"fr_FR","og_type":"article","og_title":"Mentions l\u00e9gales | EMZ","og_url":"https:\/\/www.emz.de\/fr\/mentions-legales\/","og_site_name":"EMZ","article_publisher":"https:\/\/www.facebook.com\/EMZdeutschland","article_modified_time":"2025-01-30T13:10:40+00:00","og_image":[{"width":1200,"height":630,"url":"https:\/\/www.emz.de\/wp-content\/uploads\/2022\/11\/EMZ-elektro-Maschinen-Zentrale-social.jpg","type":"image\/jpeg"}],"twitter_card":"summary_large_image","schema":{"@context":"https:\/\/schema.org","@graph":[{"@type":"WebPage","@id":"https:\/\/www.emz.de\/fr\/mentions-legales\/","url":"https:\/\/www.emz.de\/fr\/mentions-legales\/","name":"Mentions l\u00e9gales | EMZ","isPartOf":{"@id":"https:\/\/www.emz.de\/fr\/#website"},"datePublished":"2022-02-10T08:54:18+00:00","dateModified":"2025-01-30T13:10:40+00:00","breadcrumb":{"@id":"https:\/\/www.emz.de\/fr\/mentions-legales\/#breadcrumb"},"inLanguage":"fr-FR","potentialAction":[{"@type":"ReadAction","target":["https:\/\/www.emz.de\/fr\/mentions-legales\/"]}]},{"@type":"BreadcrumbList","@id":"https:\/\/www.emz.de\/fr\/mentions-legales\/#breadcrumb","itemListElement":[{"@type":"ListItem","position":1,"name":"Home","item":"https:\/\/www.emz.de\/fr\/"},{"@type":"ListItem","position":2,"name":"Mentions l\u00e9gales"}]},{"@type":"WebSite","@id":"https:\/\/www.emz.de\/fr\/#website","url":"https:\/\/www.emz.de\/fr\/","name":"EMZ Elektromotoren f\u00fcr Hochspannung und Niederspannung","description":"Spezialist f\u00fcr elektrische Antriebstechnik","publisher":{"@id":"https:\/\/www.emz.de\/fr\/#organization"},"alternateName":"EMZ","potentialAction":[{"@type":"SearchAction","target":{"@type":"EntryPoint","urlTemplate":"https:\/\/www.emz.de\/fr\/?s={search_term_string}"},"query-input":{"@type":"PropertyValueSpecification","valueRequired":true,"valueName":"search_term_string"}}],"inLanguage":"fr-FR"},{"@type":"Organization","@id":"https:\/\/www.emz.de\/fr\/#organization","name":"EMZ Elektro-Maschinen-Zentrale GmbH","alternateName":"EMZ","url":"https:\/\/www.emz.de\/fr\/","logo":{"@type":"ImageObject","inLanguage":"fr-FR","@id":"https:\/\/www.emz.de\/fr\/#\/schema\/logo\/image\/","url":"https:\/\/www.emz.de\/wp-content\/uploads\/2022\/07\/EMZ_Logo_RGB_mitClaim_Positiv_2-farbig_Hellblau-Dunkelblau.svg","contentUrl":"https:\/\/www.emz.de\/wp-content\/uploads\/2022\/07\/EMZ_Logo_RGB_mitClaim_Positiv_2-farbig_Hellblau-Dunkelblau.svg","width":"1024","height":"1024","caption":"EMZ Elektro-Maschinen-Zentrale GmbH"},"image":{"@id":"https:\/\/www.emz.de\/fr\/#\/schema\/logo\/image\/"},"sameAs":["https:\/\/www.facebook.com\/EMZdeutschland","https:\/\/www.linkedin.com\/company\/emz-elektro-maschinen-zentrale-gmbh\/?originalSubdomain=de","https:\/\/www.youtube.com\/channel\/UCajQ_5Xm-hS2H16Liwf5UAQ\/featured","https:\/\/www.xing.com\/pages\/emz-elektro-maschinen-zentrale-gmbh"]}]}},"_links":{"self":[{"href":"https:\/\/www.emz.de\/fr\/wp-json\/wp\/v2\/pages\/8137","targetHints":{"allow":["GET"]}}],"collection":[{"href":"https:\/\/www.emz.de\/fr\/wp-json\/wp\/v2\/pages"}],"about":[{"href":"https:\/\/www.emz.de\/fr\/wp-json\/wp\/v2\/types\/page"}],"author":[{"embeddable":true,"href":"https:\/\/www.emz.de\/fr\/wp-json\/wp\/v2\/users\/1"}],"replies":[{"embeddable":true,"href":"https:\/\/www.emz.de\/fr\/wp-json\/wp\/v2\/comments?post=8137"}],"version-history":[{"count":3,"href":"https:\/\/www.emz.de\/fr\/wp-json\/wp\/v2\/pages\/8137\/revisions"}],"predecessor-version":[{"id":9216,"href":"https:\/\/www.emz.de\/fr\/wp-json\/wp\/v2\/pages\/8137\/revisions\/9216"}],"wp:attachment":[{"href":"https:\/\/www.emz.de\/fr\/wp-json\/wp\/v2\/media?parent=8137"}],"curies":[{"name":"wp","href":"https:\/\/api.w.org\/{rel}","templated":true}]}}